{"id":290,"date":"2025-09-18T10:25:43","date_gmt":"2025-09-18T16:25:43","guid":{"rendered":"https:\/\/girasolmultimedios.com\/portal\/?page_id=290"},"modified":"2026-02-17T17:44:37","modified_gmt":"2026-02-17T23:44:37","slug":"home","status":"publish","type":"page","link":"https:\/\/girasolmultimedios.com\/portal\/","title":{"rendered":"EN VIVO"},"content":{"rendered":"\n<div class=\"alignnormal\"><div id=\"metaslider-id-391\" style=\"width: 100%; margin: 0 auto;\" class=\"ml-slider-3-106-0 metaslider metaslider-flex metaslider-391 ml-slider has-onhover-arrows has-dots-onhover-navigation ms-theme-default-base\" role=\"region\" aria-label=\"Cadena de medios\" data-height=\"400\" data-width=\"1920\">\n    <div id=\"metaslider_container_391\">\n        <div id=\"metaslider_391\">\n            <ul aria-live='off' class='slides'>\n                <li style=\"display: block; width: 100%;\" class=\"slide-392 ms-image \" aria-roledescription=\"slide\" data-date=\"2025-09-20 12:48:07\" data-filename=\"Banners-Girasol-TV-1920x400px.png\" data-slide-type=\"image\"><a href=\"https:\/\/girasolmultimedios.com\/portal\/?page_id=229\" target=\"_self\" aria-label=\"Girasol TV\" class=\"metaslider_image_link\"><img loading=\"lazy\" decoding=\"async\" width=\"1920\" height=\"400\" src=\"https:\/\/girasolmultimedios.com\/portal\/wp-content\/uploads\/Banners-Girasol-TV-1920x400px.png\" class=\"slider-391 slide-392 msDefaultImage\" alt=\"Girasol TV\" rel=\"\" title=\"Girasol TV\" srcset=\"https:\/\/girasolmultimedios.com\/portal\/wp-content\/uploads\/Banners-Girasol-TV-1920x400px.png 1920w, https:\/\/girasolmultimedios.com\/portal\/wp-content\/uploads\/Banners-Girasol-TV-1920x400px-300x63.png 300w, https:\/\/girasolmultimedios.com\/portal\/wp-content\/uploads\/Banners-Girasol-TV-1920x400px-1024x213.png 1024w, https:\/\/girasolmultimedios.com\/portal\/wp-content\/uploads\/Banners-Girasol-TV-1920x400px-150x31.png 150w, https:\/\/girasolmultimedios.com\/portal\/wp-content\/uploads\/Banners-Girasol-TV-1920x400px-768x160.png 768w, https:\/\/girasolmultimedios.com\/portal\/wp-content\/uploads\/Banners-Girasol-TV-1920x400px-1536x320.png 1536w\" sizes=\"auto, (max-width: 1920px) 100vw, 1920px\" \/><\/a><\/li>\n                <li style=\"display: none; width: 100%;\" class=\"slide-395 ms-image \" aria-roledescription=\"slide\" data-date=\"2025-09-20 13:03:10\" data-filename=\"Banners-Girasol-Radio-1920x400px.png\" data-slide-type=\"image\"><a href=\"https:\/\/girasolmultimedios.com\/portal\/?page_id=223\" target=\"_self\" aria-label=\"Girasol Radio\" class=\"metaslider_image_link\"><img loading=\"lazy\" decoding=\"async\" width=\"1920\" height=\"400\" src=\"https:\/\/girasolmultimedios.com\/portal\/wp-content\/uploads\/Banners-Girasol-Radio-1920x400px.png\" class=\"slider-391 slide-395 msDefaultImage\" alt=\"Girasol Radio\" rel=\"\" title=\"Girasol Radio\" srcset=\"https:\/\/girasolmultimedios.com\/portal\/wp-content\/uploads\/Banners-Girasol-Radio-1920x400px.png 1920w, https:\/\/girasolmultimedios.com\/portal\/wp-content\/uploads\/Banners-Girasol-Radio-1920x400px-300x63.png 300w, https:\/\/girasolmultimedios.com\/portal\/wp-content\/uploads\/Banners-Girasol-Radio-1920x400px-1024x213.png 1024w, https:\/\/girasolmultimedios.com\/portal\/wp-content\/uploads\/Banners-Girasol-Radio-1920x400px-150x31.png 150w, https:\/\/girasolmultimedios.com\/portal\/wp-content\/uploads\/Banners-Girasol-Radio-1920x400px-768x160.png 768w, https:\/\/girasolmultimedios.com\/portal\/wp-content\/uploads\/Banners-Girasol-Radio-1920x400px-1536x320.png 1536w\" sizes=\"auto, (max-width: 1920px) 100vw, 1920px\" \/><\/a><\/li>\n                <li style=\"display: none; width: 100%;\" class=\"slide-397 ms-image \" aria-roledescription=\"slide\" data-date=\"2025-09-20 13:21:58\" data-filename=\"Banners-Radio-Paraiso-1920x400px.png\" data-slide-type=\"image\"><a href=\"https:\/\/girasolmultimedios.com\/portal\/?page_id=231\" target=\"_self\" aria-label=\"Radio Paraiso\" class=\"metaslider_image_link\"><img loading=\"lazy\" decoding=\"async\" width=\"1920\" height=\"400\" src=\"https:\/\/girasolmultimedios.com\/portal\/wp-content\/uploads\/Banners-Radio-Paraiso-1920x400px.png\" class=\"slider-391 slide-397 msDefaultImage\" alt=\"Radio Paraiso\" rel=\"\" title=\"Radio Paraiso\" srcset=\"https:\/\/girasolmultimedios.com\/portal\/wp-content\/uploads\/Banners-Radio-Paraiso-1920x400px.png 1920w, https:\/\/girasolmultimedios.com\/portal\/wp-content\/uploads\/Banners-Radio-Paraiso-1920x400px-300x63.png 300w, https:\/\/girasolmultimedios.com\/portal\/wp-content\/uploads\/Banners-Radio-Paraiso-1920x400px-1024x213.png 1024w, https:\/\/girasolmultimedios.com\/portal\/wp-content\/uploads\/Banners-Radio-Paraiso-1920x400px-150x31.png 150w, https:\/\/girasolmultimedios.com\/portal\/wp-content\/uploads\/Banners-Radio-Paraiso-1920x400px-768x160.png 768w, https:\/\/girasolmultimedios.com\/portal\/wp-content\/uploads\/Banners-Radio-Paraiso-1920x400px-1536x320.png 1536w\" sizes=\"auto, (max-width: 1920px) 100vw, 1920px\" \/><\/a><\/li>\n            <\/ul>\n        <\/div>\n        \n    <\/div>\n<\/div><\/div>\n\n\n\n<div class=\"wp-block-cover aligncenter is-light\"><img alt=\"\" loading=\"lazy\" decoding=\"async\" width=\"1280\" height=\"720\" class=\"wp-block-cover__image-background wp-image-1768 size-full\" alt=\"\" src=\"https:\/\/girasolmultimedios.com\/portal\/wp-content\/uploads\/white-noise-animation-bg.gif\" data-object-fit=\"cover\"\/><span aria-hidden=\"true\" class=\"wp-block-cover__background has-cyan-bluish-gray-background-color has-background-dim-80 has-background-dim\"><\/span><div class=\"wp-block-cover__inner-container is-layout-constrained wp-block-cover-is-layout-constrained\">\n<div style=\"height:50px\" aria-hidden=\"true\" class=\"wp-block-spacer\"><\/div>\n\n\n\n<div class=\"wp-block-columns is-layout-flex wp-container-core-columns-is-layout-28f84493 wp-block-columns-is-layout-flex\">\n<div class=\"wp-block-column is-layout-flow wp-block-column-is-layout-flow\" style=\"flex-basis:66.66%\">\n<div class=\"wp-block-cover is-light\"><span aria-hidden=\"true\" class=\"wp-block-cover__background has-luminous-vivid-orange-background-color has-background-dim-100 has-background-dim\"><\/span><div class=\"wp-block-cover__inner-container is-layout-constrained wp-block-cover-is-layout-constrained\"><div class=\"wp-block-image\">\n<figure class=\"aligncenter size-full\"><img alt=\"\" loading=\"lazy\" decoding=\"async\" width=\"1024\" height=\"500\" src=\"http:\/\/girasolmultimedios.com\/portal\/wp-content\/uploads\/Logo-Girasol-TV-1024x500px.png\" alt=\"\" class=\"wp-image-345\" srcset=\"https:\/\/girasolmultimedios.com\/portal\/wp-content\/uploads\/Logo-Girasol-TV-1024x500px.png 1024w, https:\/\/girasolmultimedios.com\/portal\/wp-content\/uploads\/Logo-Girasol-TV-1024x500px-300x146.png 300w, https:\/\/girasolmultimedios.com\/portal\/wp-content\/uploads\/Logo-Girasol-TV-1024x500px-150x73.png 150w, https:\/\/girasolmultimedios.com\/portal\/wp-content\/uploads\/Logo-Girasol-TV-1024x500px-768x375.png 768w\" sizes=\"auto, (max-width: 1024px) 100vw, 1024px\" \/><\/figure>\n<\/div>\n\n\n\n\n<style>\n.LiveMini {\n  display: inline-flex;             \/* mantiene texto y c\u00edrculo alineados *\/\n  align-items: center;              \/* centra verticalmente el c\u00edrculo *\/\n  background-color: #e50914;        \/* rojo intenso *\/\n  color: white;\n  font-weight: bold;\n  font-size: 12px;                  \/* m\u00e1s peque\u00f1o que el bot\u00f3n grande *\/\n  padding: 2px 6px;                 \/* padding reducido *\/\n  border-radius: 12px;              \/* bordes redondeados tipo p\u00edldora *\/\n  font-family: sans-serif;\n  line-height: 1;\n}\n\n.LiveMini .LiveCircleMini {\n  display: inline-block;\n  position: relative;\n  width: 8px;                       \/* c\u00edrculo m\u00e1s peque\u00f1o *\/\n  height: 8px;\n  margin-left: 4px;                  \/* espacio entre texto y c\u00edrculo *\/\n  vertical-align: middle;\n}\n\n.LiveMini .LiveCircleMini:before {\n  content: \"\";\n  position: relative;\n  display: block;\n  width: 250%;\n  height: 250%;\n  box-sizing: border-box;\n  margin-left: -75%;\n  margin-top: -75%;\n  border-radius: 50%;\n  background-color: white;\n  animation: pulse 1.25s cubic-bezier(0.215, 0.61, 0.355, 1) infinite;\n}\n\n.LiveMini .LiveCircleMini:after {\n  content: \"\";\n  position: absolute;\n  left: 0;\n  top: 0;\n  display: block;\n  width: 100%;\n  height: 100%;\n  background-color: white;\n  border-radius: 50%;\n  animation: circle 1.25s cubic-bezier(0.455, 0.03, 0.515, 0.955) -0.4s infinite;\n}\n\n@keyframes pulse {\n  0% { transform: scale(0.33); }\n  80%, 100% { opacity: 0; }\n}\n\n@keyframes circle {\n  0% { transform: scale(0.8); }\n  50% { transform: scale(1); }\n  100% { transform: scale(0.8); }\n}\n<\/style>\n\n<p>\n  <span class=\"LiveMini\">EN VIVO<span class=\"LiveCircleMini\"><\/span><\/span>\n<\/p>\n\n\n\n\n\n<div style=\"max-width:100%; position:relative; padding-top:56.25%;\">\n  <video\n    id=\"hls-video-girasol\"\n    controls\n    autoplay\n    muted\n    playsinline\n    style=\"position:absolute; top:0; left:0; width:100%; height:100%; background:#000;\">\n  <\/video>\n<\/div>\n\n<script src=\"https:\/\/cdn.jsdelivr.net\/npm\/hls.js@latest\"><\/script>\n<script>\n  document.addEventListener(\"DOMContentLoaded\", function () {\n    var video = document.getElementById(\"hls-video-girasol\");\n    var videoSrc = \"https:\/\/s.emisoras.tv:8081\/girasoltv\/index.m3u8\";\n\n    if (video.canPlayType(\"application\/vnd.apple.mpegurl\")) {\n      \/\/ Safari (iOS \/ macOS)\n      video.src = videoSrc;\n    } else if (Hls.isSupported()) {\n      \/\/ Chrome, Firefox, Edge\n      var hls = new Hls({\n        lowLatencyMode: true,\n        backBufferLength: 90\n      });\n      hls.loadSource(videoSrc);\n      hls.attachMedia(video);\n    } else {\n      console.error(\"HLS no es soportado en este navegador.\");\n    }\n  });\n<\/script>\n<\/div><\/div>\n<\/div>\n\n\n\n<div class=\"wp-block-column is-layout-flow wp-block-column-is-layout-flow\" style=\"flex-basis:33.33%\">\n<div class=\"wp-block-cover aligncenter\" style=\"min-height:50px;aspect-ratio:unset;\"><span aria-hidden=\"true\" class=\"wp-block-cover__background has-background-dim-100 has-background-dim\" style=\"background-color:#070044\"><\/span><div class=\"wp-block-cover__inner-container is-layout-constrained wp-block-cover-is-layout-constrained\"><div class=\"wp-block-image\">\n<figure class=\"aligncenter size-full\"><img alt=\"\" loading=\"lazy\" decoding=\"async\" width=\"1024\" height=\"500\" src=\"http:\/\/girasolmultimedios.com\/portal\/wp-content\/uploads\/Logo-Girasol-FM-102_3-1024x500px.png\" alt=\"\" class=\"wp-image-344\" srcset=\"https:\/\/girasolmultimedios.com\/portal\/wp-content\/uploads\/Logo-Girasol-FM-102_3-1024x500px.png 1024w, https:\/\/girasolmultimedios.com\/portal\/wp-content\/uploads\/Logo-Girasol-FM-102_3-1024x500px-300x146.png 300w, https:\/\/girasolmultimedios.com\/portal\/wp-content\/uploads\/Logo-Girasol-FM-102_3-1024x500px-150x73.png 150w, https:\/\/girasolmultimedios.com\/portal\/wp-content\/uploads\/Logo-Girasol-FM-102_3-1024x500px-768x375.png 768w\" sizes=\"auto, (max-width: 1024px) 100vw, 1024px\" \/><\/figure>\n<\/div>\n\n<div class=\"radio_player\" data-player-type=\"shortcode\"data-data=\"eyJpZCI6MSwidGl0bGUiOiJHaXJhc29sIEZNIDEwMi4zIiwic3RpY2t5IjpmYWxzZSwic3RhdHVzIjp0cnVlLCJza2luIjoic2tpbjEiLCJzdGF0aW9ucyI6W3sidGl0bGUiOiJHaXJhc29sIEZNIDEwMi4zIiwic3RyZWFtIjoiaHR0cHM6XC9cL3N0cmVhbS5wbGF5ZXJsaXZlLmluZm86ODAzN1wvbGl2ZS5hYWMiLCJ0aHVtYm5haWwiOiIifV0sImF1dG9wbGF5IjpmYWxzZSwicG9wdXBfaWNvbiI6dHJ1ZSwicGxheWxpc3RfaWNvbiI6ZmFsc2UsImhpc3RvcnlfaWNvbiI6ZmFsc2UsInZvbHVtZV9jb250cm9sIjp0cnVlLCJwbGF5ZXJfc3RhdHVzIjp0cnVlLCJzaG93X2FydGlzdCI6ZmFsc2UsInNob3dfYXJ0d29yayI6ZmFsc2UsInBsYXllcl90ZXh0IjoiTGlzdGVuIExpdmUiLCJ3aWR0aCI6MzUwLCJ3aWR0aF9tb2JpbGUiOjMyMCwiYm9yZGVyX3JhZGl1cyI6MTAsImJnX2NvbG9yIjoiIzA3MDA0NCIsImJnX2ltYWdlIjoiaHR0cHM6XC9cL2dpcmFzb2xtdWx0aW1lZGlvcy5jb21cL3BvcnRhbFwvd3AtY29udGVudFwvcGx1Z2luc1wvcmFkaW8tcGxheWVyLXByZW1pdW1cL2Fzc2V0c1wvaW1hZ2VzXC9wbGF5ZXItYmcucG5nIiwiYmdfdHlwZSI6ImNvbG9yIiwiY29sb3JfdHlwZSI6InNvbGlkIiwidGV4dF9jb2xvciI6IiNGRkZGRkYiLCJzaG93X3Byb2dyZXNzYmFyIjpmYWxzZSwic2hvd190aXRsZSI6ZmFsc2UsImZhbGxiYWNrX3RpdGxlIjoiR2lyYXNvbCBGTSAxMDIuMyBFbiBWaXZvIiwiYm94X3NoYWRvdyI6ZmFsc2UsImJveF9zaGFkb3dfaCI6MCwiYm94X3NoYWRvd192IjotMiwiYm94X3NoYWRvd19ibHVyIjo2LCJib3hfc2hhZG93X3NwcmVhZCI6MCwiYm94X3NoYWRvd19jb2xvciI6InJnYmEoMTAsIDM3LCA2NCwgMC4zNSkiLCJib3hfc2hhZG93X3R5cGUiOiJpbnNldCJ9\"><\/div>\n<\/div><\/div>\n\n\n\n<div class=\"wp-block-cover aligncenter\" style=\"min-height:50px;aspect-ratio:unset;\"><span aria-hidden=\"true\" class=\"wp-block-cover__background has-background-dim-100 has-background-dim\" style=\"background-color:#864528\"><\/span><div class=\"wp-block-cover__inner-container is-layout-constrained wp-block-cover-is-layout-constrained\"><div class=\"wp-block-image\">\n<figure class=\"aligncenter size-full\"><img alt=\"\" loading=\"lazy\" decoding=\"async\" width=\"1024\" height=\"500\" src=\"http:\/\/girasolmultimedios.com\/portal\/wp-content\/uploads\/Logo-Radio-Paraiso-93_1-1024x500px.png\" alt=\"\" class=\"wp-image-350\" srcset=\"https:\/\/girasolmultimedios.com\/portal\/wp-content\/uploads\/Logo-Radio-Paraiso-93_1-1024x500px.png 1024w, https:\/\/girasolmultimedios.com\/portal\/wp-content\/uploads\/Logo-Radio-Paraiso-93_1-1024x500px-300x146.png 300w, https:\/\/girasolmultimedios.com\/portal\/wp-content\/uploads\/Logo-Radio-Paraiso-93_1-1024x500px-150x73.png 150w, https:\/\/girasolmultimedios.com\/portal\/wp-content\/uploads\/Logo-Radio-Paraiso-93_1-1024x500px-768x375.png 768w\" sizes=\"auto, (max-width: 1024px) 100vw, 1024px\" \/><\/figure>\n<\/div>\n\n<div class=\"radio_player\" data-player-type=\"shortcode\"data-data=\"eyJpZCI6MiwidGl0bGUiOiJSYWRpbyBQYXJhaXNvIEZNIDkzLjEiLCJzdGlja3kiOmZhbHNlLCJzdGF0dXMiOnRydWUsInNraW4iOiJza2luMSIsInN0YXRpb25zIjpbeyJ0aXRsZSI6IlJhZGlvIFBhcmFcdTAwZWRzbyBGTSA5My4xIiwic3RyZWFtIjoiaHR0cHM6XC9cL3N0cmVhbS5wbGF5ZXJsaXZlLmluZm86ODEyMlwvcGFyYWlzby5hYWMiLCJ0aHVtYm5haWwiOiIifV0sInBvcHVwX2ljb24iOnRydWUsInBsYXlsaXN0X2ljb24iOnRydWUsImhpc3RvcnlfaWNvbiI6ZmFsc2UsInZvbHVtZV9jb250cm9sIjp0cnVlLCJwbGF5ZXJfc3RhdHVzIjp0cnVlLCJzaG93X2FydGlzdCI6dHJ1ZSwic2hvd19hcnR3b3JrIjpmYWxzZSwicGxheWVyX3RleHQiOiJMaXN0ZW4gTGl2ZSIsIndpZHRoIjozNTAsIndpZHRoX21vYmlsZSI6MzIwLCJib3JkZXJfcmFkaXVzIjoxMCwiYmdfY29sb3IiOiIjODY0NTI4IiwiYmdfaW1hZ2UiOiJodHRwczpcL1wvZ2lyYXNvbG11bHRpbWVkaW9zLmNvbVwvcG9ydGFsXC93cC1jb250ZW50XC9wbHVnaW5zXC9yYWRpby1wbGF5ZXItcHJlbWl1bVwvYXNzZXRzXC9pbWFnZXNcL3BsYXllci1iZy5wbmciLCJiZ190eXBlIjoiY29sb3IiLCJjb2xvcl90eXBlIjoic29saWQiLCJ0ZXh0X2NvbG9yIjoiI0ZGRkZGRiIsImJveF9zaGFkb3ciOmZhbHNlLCJib3hfc2hhZG93X2giOjAsImJveF9zaGFkb3dfdiI6LTIsImJveF9zaGFkb3dfYmx1ciI6NiwiYm94X3NoYWRvd19zcHJlYWQiOjAsImJveF9zaGFkb3dfY29sb3IiOiJyZ2JhKDEwLCAzNywgNjQsIDAuMzUpIiwiYm94X3NoYWRvd190eXBlIjoiaW5zZXQiLCJzaG93X3RpdGxlIjpmYWxzZX0=\"><\/div>\n<\/div><\/div>\n\n\n\n<div class=\"wp-block-cover aligncenter\" style=\"min-height:50px;aspect-ratio:unset;\"><span aria-hidden=\"true\" class=\"wp-block-cover__background has-background-dim-100 has-background-dim\" style=\"background-color:#864528\"><\/span><div class=\"wp-block-cover__inner-container is-layout-constrained wp-block-cover-is-layout-constrained\">\n<figure class=\"wp-block-image size-large\"><img alt=\"\" loading=\"lazy\" decoding=\"async\" width=\"1024\" height=\"427\" src=\"https:\/\/girasolmultimedios.com\/portal\/wp-content\/uploads\/Logo-Radio-Paraiso-FM-Visual-Radio-1200x500px-1024x427.png\" alt=\"\" class=\"wp-image-3868\" srcset=\"https:\/\/girasolmultimedios.com\/portal\/wp-content\/uploads\/Logo-Radio-Paraiso-FM-Visual-Radio-1200x500px-1024x427.png 1024w, https:\/\/girasolmultimedios.com\/portal\/wp-content\/uploads\/Logo-Radio-Paraiso-FM-Visual-Radio-1200x500px-300x125.png 300w, https:\/\/girasolmultimedios.com\/portal\/wp-content\/uploads\/Logo-Radio-Paraiso-FM-Visual-Radio-1200x500px-150x63.png 150w, https:\/\/girasolmultimedios.com\/portal\/wp-content\/uploads\/Logo-Radio-Paraiso-FM-Visual-Radio-1200x500px-768x320.png 768w, https:\/\/girasolmultimedios.com\/portal\/wp-content\/uploads\/Logo-Radio-Paraiso-FM-Visual-Radio-1200x500px.png 1200w\" sizes=\"auto, (max-width: 1024px) 100vw, 1024px\" \/><\/figure>\n\n\n\n<div style=\"max-width:100%; position:relative; padding-top:56.25%;\">\n  <video\n    id=\"hls-video\"\n    controls\n    autoplay\n    muted\n    playsinline\n    style=\"position:absolute; top:0; left:0; width:100%; height:100%; background:#000;\">\n  <\/video>\n<\/div>\n\n<script src=\"https:\/\/cdn.jsdelivr.net\/npm\/hls.js@latest\"><\/script>\n<script>\n  document.addEventListener(\"DOMContentLoaded\", function () {\n    var video = document.getElementById(\"hls-video\");\n    var videoSrc = \"https:\/\/live20.bozztv.com\/giatv\/giatv-Radioparaiso931fm\/Radioparaiso931fm\/playlist.m3u8\";\n\n    if (video.canPlayType(\"application\/vnd.apple.mpegurl\")) {\n      \/\/ Safari (iOS \/ macOS)\n      video.src = videoSrc;\n    } else if (Hls.isSupported()) {\n      \/\/ Chrome, Firefox, Edge\n      var hls = new Hls({\n        lowLatencyMode: true,\n        backBufferLength: 90\n      });\n      hls.loadSource(videoSrc);\n      hls.attachMedia(video);\n    } else {\n      console.error(\"HLS no es soportado en este navegador.\");\n    }\n  });\n<\/script>\n<\/div><\/div>\n\n\n\n<div class=\"wp-block-cover is-light\" style=\"min-height:50px;aspect-ratio:unset;\"><span aria-hidden=\"true\" class=\"wp-block-cover__background has-white-background-color has-background-dim-100 has-background-dim\"><\/span><div class=\"wp-block-cover__inner-container is-layout-constrained wp-block-cover-is-layout-constrained\"><div class=\"wp-block-image\">\n<figure class=\"aligncenter size-full\"><a href=\"https:\/\/api.whatsapp.com\/send?phone=50499245061\"><img alt=\"\" loading=\"lazy\" decoding=\"async\" width=\"300\" height=\"60\" src=\"https:\/\/girasolmultimedios.com\/portal\/wp-content\/uploads\/banner-whatsapp-300x60-1.png\" alt=\"\" class=\"wp-image-278\" srcset=\"https:\/\/girasolmultimedios.com\/portal\/wp-content\/uploads\/banner-whatsapp-300x60-1.png 300w, https:\/\/girasolmultimedios.com\/portal\/wp-content\/uploads\/banner-whatsapp-300x60-1-150x30.png 150w\" sizes=\"auto, (max-width: 300px) 100vw, 300px\" \/><\/a><\/figure>\n<\/div><\/div><\/div>\n<\/div>\n<\/div>\n<\/div><\/div>\n\n\n\n<div class=\"wp-block-cover is-light\" style=\"min-height:50px;aspect-ratio:unset;\"><span aria-hidden=\"true\" class=\"wp-block-cover__background has-background-dim-100 has-background-dim\" style=\"background-color:#f0f0f0\"><\/span><div class=\"wp-block-cover__inner-container is-layout-constrained wp-block-cover-is-layout-constrained\">\n<h6 class=\"wp-block-heading has-text-color has-link-color wp-elements-8a4852408633f93e855ea09533b38e75\" style=\"color:#444444\">PATROCINADORES<\/h6>\n\n\n\n<div class=\"wp-block-columns is-not-stacked-on-mobile is-layout-flex wp-container-core-columns-is-layout-28f84493 wp-block-columns-is-layout-flex\">\n<div class=\"wp-block-column is-layout-flow wp-block-column-is-layout-flow\"><div class=\"wp-block-image\">\n<figure class=\"aligncenter size-full\"><img alt=\"\" loading=\"lazy\" decoding=\"async\" width=\"512\" height=\"512\" src=\"https:\/\/girasolmultimedios.com\/portal\/wp-content\/uploads\/sponsor-512x512-tigo.png\" alt=\"\" class=\"wp-image-355\" srcset=\"https:\/\/girasolmultimedios.com\/portal\/wp-content\/uploads\/sponsor-512x512-tigo.png 512w, https:\/\/girasolmultimedios.com\/portal\/wp-content\/uploads\/sponsor-512x512-tigo-300x300.png 300w, https:\/\/girasolmultimedios.com\/portal\/wp-content\/uploads\/sponsor-512x512-tigo-150x150.png 150w\" sizes=\"auto, (max-width: 512px) 100vw, 512px\" \/><\/figure>\n<\/div><\/div>\n\n\n\n<div class=\"wp-block-column is-layout-flow wp-block-column-is-layout-flow\"><div class=\"wp-block-image\">\n<figure class=\"aligncenter size-full\"><img alt=\"\" loading=\"lazy\" decoding=\"async\" width=\"512\" height=\"512\" src=\"https:\/\/girasolmultimedios.com\/portal\/wp-content\/uploads\/sponsor-512x512-banco-de-occidente.png\" alt=\"\" class=\"wp-image-357\" srcset=\"https:\/\/girasolmultimedios.com\/portal\/wp-content\/uploads\/sponsor-512x512-banco-de-occidente.png 512w, https:\/\/girasolmultimedios.com\/portal\/wp-content\/uploads\/sponsor-512x512-banco-de-occidente-300x300.png 300w, https:\/\/girasolmultimedios.com\/portal\/wp-content\/uploads\/sponsor-512x512-banco-de-occidente-150x150.png 150w\" sizes=\"auto, (max-width: 512px) 100vw, 512px\" \/><\/figure>\n<\/div><\/div>\n\n\n\n<div class=\"wp-block-column is-layout-flow wp-block-column-is-layout-flow\"><div class=\"wp-block-image\">\n<figure class=\"aligncenter size-full\"><img alt=\"\" loading=\"lazy\" decoding=\"async\" width=\"512\" height=\"512\" src=\"https:\/\/girasolmultimedios.com\/portal\/wp-content\/uploads\/Sponsor-Banpais-512x512px.png\" alt=\"\" class=\"wp-image-358\" srcset=\"https:\/\/girasolmultimedios.com\/portal\/wp-content\/uploads\/Sponsor-Banpais-512x512px.png 512w, https:\/\/girasolmultimedios.com\/portal\/wp-content\/uploads\/Sponsor-Banpais-512x512px-300x300.png 300w, https:\/\/girasolmultimedios.com\/portal\/wp-content\/uploads\/Sponsor-Banpais-512x512px-150x150.png 150w\" sizes=\"auto, (max-width: 512px) 100vw, 512px\" \/><\/figure>\n<\/div><\/div>\n\n\n\n<div class=\"wp-block-column is-layout-flow wp-block-column-is-layout-flow\"><div class=\"wp-block-image\">\n<figure class=\"aligncenter size-full\"><img alt=\"\" loading=\"lazy\" decoding=\"async\" width=\"512\" height=\"512\" src=\"https:\/\/girasolmultimedios.com\/portal\/wp-content\/uploads\/Sponsor-512x512-la-colonia.png\" alt=\"\" class=\"wp-image-359\" srcset=\"https:\/\/girasolmultimedios.com\/portal\/wp-content\/uploads\/Sponsor-512x512-la-colonia.png 512w, https:\/\/girasolmultimedios.com\/portal\/wp-content\/uploads\/Sponsor-512x512-la-colonia-300x300.png 300w, https:\/\/girasolmultimedios.com\/portal\/wp-content\/uploads\/Sponsor-512x512-la-colonia-150x150.png 150w\" sizes=\"auto, (max-width: 512px) 100vw, 512px\" \/><\/figure>\n<\/div><\/div>\n\n\n\n<div class=\"wp-block-column is-layout-flow wp-block-column-is-layout-flow\"><div class=\"wp-block-image\">\n<figure class=\"aligncenter size-full\"><img alt=\"\" loading=\"lazy\" decoding=\"async\" width=\"512\" height=\"512\" src=\"https:\/\/girasolmultimedios.com\/portal\/wp-content\/uploads\/Sponsor-512x512-GAS.png\" alt=\"\" class=\"wp-image-361\" srcset=\"https:\/\/girasolmultimedios.com\/portal\/wp-content\/uploads\/Sponsor-512x512-GAS.png 512w, https:\/\/girasolmultimedios.com\/portal\/wp-content\/uploads\/Sponsor-512x512-GAS-300x300.png 300w, https:\/\/girasolmultimedios.com\/portal\/wp-content\/uploads\/Sponsor-512x512-GAS-150x150.png 150w\" sizes=\"auto, (max-width: 512px) 100vw, 512px\" \/><\/figure>\n<\/div><\/div>\n<\/div>\n<\/div><\/div>\n\n\n\n<div class=\"wp-block-cover is-light\"><span aria-hidden=\"true\" class=\"wp-block-cover__background has-background-dim-100 has-background-dim\" style=\"background-color:#f9f9f9\"><\/span><div class=\"wp-block-cover__inner-container is-layout-constrained wp-block-cover-is-layout-constrained\">\n<h6 class=\"wp-block-heading\">NOTICIAS NACIONALES<\/h6>\n\n\n<ul class=\"wp-block-latest-posts__list is-grid columns-3 has-dates wp-block-latest-posts\"><li><div class=\"wp-block-latest-posts__featured-image aligncenter\"><a href=\"https:\/\/girasolmultimedios.com\/portal\/aplazan-nuevamente-sentencia-de-francisco-cosenza-en-ee-uu-por-problemas-de-salud\/\" aria-label=\"Aplazan nuevamente sentencia de Francisco Cosenza en EE UU por problemas de salud\"><img loading=\"lazy\" decoding=\"async\" width=\"640\" height=\"480\" src=\"https:\/\/girasolmultimedios.com\/portal\/wp-content\/uploads\/el-heraldo-10_13848502_20260318080430-1024x768.webp\" class=\"attachment-large size-large wp-post-image\" alt=\"\" style=\"\" srcset=\"https:\/\/girasolmultimedios.com\/portal\/wp-content\/uploads\/el-heraldo-10_13848502_20260318080430-1024x768.webp 1024w, https:\/\/girasolmultimedios.com\/portal\/wp-content\/uploads\/el-heraldo-10_13848502_20260318080430-300x225.webp 300w, https:\/\/girasolmultimedios.com\/portal\/wp-content\/uploads\/el-heraldo-10_13848502_20260318080430-150x113.webp 150w, https:\/\/girasolmultimedios.com\/portal\/wp-content\/uploads\/el-heraldo-10_13848502_20260318080430-768x576.webp 768w, https:\/\/girasolmultimedios.com\/portal\/wp-content\/uploads\/el-heraldo-10_13848502_20260318080430.webp 1260w\" sizes=\"auto, (max-width: 640px) 100vw, 640px\" \/><\/a><\/div><a class=\"wp-block-latest-posts__post-title\" href=\"https:\/\/girasolmultimedios.com\/portal\/aplazan-nuevamente-sentencia-de-francisco-cosenza-en-ee-uu-por-problemas-de-salud\/\">Aplazan nuevamente sentencia de Francisco Cosenza en EE UU por problemas de salud<\/a><time datetime=\"2026-03-18T11:24:25-06:00\" class=\"wp-block-latest-posts__post-date\">18 de marzo de 2026<\/time><\/li>\n<li><div class=\"wp-block-latest-posts__featured-image aligncenter\"><a href=\"https:\/\/girasolmultimedios.com\/portal\/madre-enfrenta-a-mujer-que-intento-llevarse-a-su-hijo-a-plena-luz-del-dia-en-el-progreso\/\" aria-label=\"Madre enfrenta a mujer que intent\u00f3 llevarse a su hijo a plena luz del d\u00eda en El Progreso\"><img loading=\"lazy\" decoding=\"async\" width=\"640\" height=\"360\" src=\"https:\/\/girasolmultimedios.com\/portal\/wp-content\/uploads\/principal_detenida_el_progreso_justicia-1024x576.webp\" class=\"attachment-large size-large wp-post-image\" alt=\"\" style=\"\" srcset=\"https:\/\/girasolmultimedios.com\/portal\/wp-content\/uploads\/principal_detenida_el_progreso_justicia-1024x576.webp 1024w, https:\/\/girasolmultimedios.com\/portal\/wp-content\/uploads\/principal_detenida_el_progreso_justicia-300x169.webp 300w, https:\/\/girasolmultimedios.com\/portal\/wp-content\/uploads\/principal_detenida_el_progreso_justicia-150x84.webp 150w, https:\/\/girasolmultimedios.com\/portal\/wp-content\/uploads\/principal_detenida_el_progreso_justicia-768x432.webp 768w, https:\/\/girasolmultimedios.com\/portal\/wp-content\/uploads\/principal_detenida_el_progreso_justicia.webp 1280w\" sizes=\"auto, (max-width: 640px) 100vw, 640px\" \/><\/a><\/div><a class=\"wp-block-latest-posts__post-title\" href=\"https:\/\/girasolmultimedios.com\/portal\/madre-enfrenta-a-mujer-que-intento-llevarse-a-su-hijo-a-plena-luz-del-dia-en-el-progreso\/\">Madre enfrenta a mujer que intent\u00f3 llevarse a su hijo a plena luz del d\u00eda en El Progreso<\/a><time datetime=\"2026-03-18T11:13:55-06:00\" class=\"wp-block-latest-posts__post-date\">18 de marzo de 2026<\/time><\/li>\n<li><div class=\"wp-block-latest-posts__featured-image aligncenter\"><a href=\"https:\/\/girasolmultimedios.com\/portal\/matan-hombre-y-le-dejan-rotulo-por-no-respetar-las-mujeres-casadas\/\" aria-label=\"Matan hombre y le dejan r\u00f3tulo: \u00abpor no respetar las mujeres casadas\u00bb\"><img loading=\"lazy\" decoding=\"async\" width=\"640\" height=\"360\" src=\"https:\/\/girasolmultimedios.com\/portal\/wp-content\/uploads\/principal_rotulo_colonia_roca_de_cristo_sps-1024x576.webp\" class=\"attachment-large size-large wp-post-image\" alt=\"\" style=\"\" srcset=\"https:\/\/girasolmultimedios.com\/portal\/wp-content\/uploads\/principal_rotulo_colonia_roca_de_cristo_sps-1024x576.webp 1024w, https:\/\/girasolmultimedios.com\/portal\/wp-content\/uploads\/principal_rotulo_colonia_roca_de_cristo_sps-300x169.webp 300w, https:\/\/girasolmultimedios.com\/portal\/wp-content\/uploads\/principal_rotulo_colonia_roca_de_cristo_sps-150x84.webp 150w, https:\/\/girasolmultimedios.com\/portal\/wp-content\/uploads\/principal_rotulo_colonia_roca_de_cristo_sps-768x432.webp 768w, https:\/\/girasolmultimedios.com\/portal\/wp-content\/uploads\/principal_rotulo_colonia_roca_de_cristo_sps.webp 1280w\" sizes=\"auto, (max-width: 640px) 100vw, 640px\" \/><\/a><\/div><a class=\"wp-block-latest-posts__post-title\" href=\"https:\/\/girasolmultimedios.com\/portal\/matan-hombre-y-le-dejan-rotulo-por-no-respetar-las-mujeres-casadas\/\">Matan hombre y le dejan r\u00f3tulo: \u00abpor no respetar las mujeres casadas\u00bb<\/a><time datetime=\"2026-03-18T11:03:54-06:00\" class=\"wp-block-latest-posts__post-date\">18 de marzo de 2026<\/time><\/li>\n<li><div class=\"wp-block-latest-posts__featured-image aligncenter\"><a href=\"https:\/\/girasolmultimedios.com\/portal\/operativo-en-ocotepeque-deja-cuatro-detenidos-y-el-decomiso-de-un-camion-con-cerveza\/\" aria-label=\"Operativo en Ocotepeque deja cuatro detenidos y el decomiso de un cami\u00f3n con cerveza\"><img loading=\"lazy\" decoding=\"async\" width=\"640\" height=\"480\" src=\"https:\/\/girasolmultimedios.com\/portal\/wp-content\/uploads\/653053513_1259786726344301_1895509028752101731_n-1024x768.jpg\" class=\"attachment-large size-large wp-post-image\" alt=\"\" style=\"\" srcset=\"https:\/\/girasolmultimedios.com\/portal\/wp-content\/uploads\/653053513_1259786726344301_1895509028752101731_n-1024x768.jpg 1024w, https:\/\/girasolmultimedios.com\/portal\/wp-content\/uploads\/653053513_1259786726344301_1895509028752101731_n-300x225.jpg 300w, https:\/\/girasolmultimedios.com\/portal\/wp-content\/uploads\/653053513_1259786726344301_1895509028752101731_n-150x113.jpg 150w, https:\/\/girasolmultimedios.com\/portal\/wp-content\/uploads\/653053513_1259786726344301_1895509028752101731_n-768x576.jpg 768w, https:\/\/girasolmultimedios.com\/portal\/wp-content\/uploads\/653053513_1259786726344301_1895509028752101731_n-1536x1152.jpg 1536w, https:\/\/girasolmultimedios.com\/portal\/wp-content\/uploads\/653053513_1259786726344301_1895509028752101731_n.jpg 1600w\" sizes=\"auto, (max-width: 640px) 100vw, 640px\" \/><\/a><\/div><a class=\"wp-block-latest-posts__post-title\" href=\"https:\/\/girasolmultimedios.com\/portal\/operativo-en-ocotepeque-deja-cuatro-detenidos-y-el-decomiso-de-un-camion-con-cerveza\/\">Operativo en Ocotepeque deja cuatro detenidos y el decomiso de un cami\u00f3n con cerveza<\/a><time datetime=\"2026-03-14T14:48:06-06:00\" class=\"wp-block-latest-posts__post-date\">14 de marzo de 2026<\/time><\/li>\n<li><div class=\"wp-block-latest-posts__featured-image aligncenter\"><a href=\"https:\/\/girasolmultimedios.com\/portal\/policia-nacional-identifica-a-las-victimas-de-la-masacre-en-yoro\/\" aria-label=\"Polic\u00eda Nacional identifica a las v\u00edctimas de la masacre en Yoro\"><img loading=\"lazy\" decoding=\"async\" width=\"640\" height=\"439\" src=\"https:\/\/girasolmultimedios.com\/portal\/wp-content\/uploads\/651276666_1283281013921872_4932360782775466222_n-1024x703.jpg\" class=\"attachment-large size-large wp-post-image\" alt=\"\" style=\"\" srcset=\"https:\/\/girasolmultimedios.com\/portal\/wp-content\/uploads\/651276666_1283281013921872_4932360782775466222_n-1024x703.jpg 1024w, https:\/\/girasolmultimedios.com\/portal\/wp-content\/uploads\/651276666_1283281013921872_4932360782775466222_n-300x206.jpg 300w, https:\/\/girasolmultimedios.com\/portal\/wp-content\/uploads\/651276666_1283281013921872_4932360782775466222_n-150x103.jpg 150w, https:\/\/girasolmultimedios.com\/portal\/wp-content\/uploads\/651276666_1283281013921872_4932360782775466222_n-768x528.jpg 768w, https:\/\/girasolmultimedios.com\/portal\/wp-content\/uploads\/651276666_1283281013921872_4932360782775466222_n-1536x1055.jpg 1536w, https:\/\/girasolmultimedios.com\/portal\/wp-content\/uploads\/651276666_1283281013921872_4932360782775466222_n.jpg 1600w\" sizes=\"auto, (max-width: 640px) 100vw, 640px\" \/><\/a><\/div><a class=\"wp-block-latest-posts__post-title\" href=\"https:\/\/girasolmultimedios.com\/portal\/policia-nacional-identifica-a-las-victimas-de-la-masacre-en-yoro\/\">Polic\u00eda Nacional identifica a las v\u00edctimas de la masacre en Yoro<\/a><time datetime=\"2026-03-14T14:36:23-06:00\" class=\"wp-block-latest-posts__post-date\">14 de marzo de 2026<\/time><\/li>\n<li><div class=\"wp-block-latest-posts__featured-image aligncenter\"><a href=\"https:\/\/girasolmultimedios.com\/portal\/honduras-y-ee-uu-firman-acuerdo-para-reforzar-el-sistema-sanitario-nacional\/\" aria-label=\"Honduras y Estados Unidos firman acuerdo para fortalecer sistema sanitario nacional\"><img loading=\"lazy\" decoding=\"async\" width=\"640\" height=\"360\" src=\"https:\/\/girasolmultimedios.com\/portal\/wp-content\/uploads\/principal_honduras-y-ee-uu-firman-acuerdo-para-fortalecer-el-sistema-sanitario-nacional-1024x576.webp\" class=\"attachment-large size-large wp-post-image\" alt=\"\" style=\"\" srcset=\"https:\/\/girasolmultimedios.com\/portal\/wp-content\/uploads\/principal_honduras-y-ee-uu-firman-acuerdo-para-fortalecer-el-sistema-sanitario-nacional-1024x576.webp 1024w, https:\/\/girasolmultimedios.com\/portal\/wp-content\/uploads\/principal_honduras-y-ee-uu-firman-acuerdo-para-fortalecer-el-sistema-sanitario-nacional-300x169.webp 300w, https:\/\/girasolmultimedios.com\/portal\/wp-content\/uploads\/principal_honduras-y-ee-uu-firman-acuerdo-para-fortalecer-el-sistema-sanitario-nacional-150x84.webp 150w, https:\/\/girasolmultimedios.com\/portal\/wp-content\/uploads\/principal_honduras-y-ee-uu-firman-acuerdo-para-fortalecer-el-sistema-sanitario-nacional-768x432.webp 768w, https:\/\/girasolmultimedios.com\/portal\/wp-content\/uploads\/principal_honduras-y-ee-uu-firman-acuerdo-para-fortalecer-el-sistema-sanitario-nacional.webp 1280w\" sizes=\"auto, (max-width: 640px) 100vw, 640px\" \/><\/a><\/div><a class=\"wp-block-latest-posts__post-title\" href=\"https:\/\/girasolmultimedios.com\/portal\/honduras-y-ee-uu-firman-acuerdo-para-reforzar-el-sistema-sanitario-nacional\/\">Honduras y Estados Unidos firman acuerdo para fortalecer sistema sanitario nacional<\/a><time datetime=\"2026-03-14T14:29:53-06:00\" class=\"wp-block-latest-posts__post-date\">14 de marzo de 2026<\/time><\/li>\n<li><div class=\"wp-block-latest-posts__featured-image aligncenter\"><a href=\"https:\/\/girasolmultimedios.com\/portal\/salen-a-la-luz-detalles-de-giseel-guzman-mujer-trans-asesinada-en-el-carrizal\/\" aria-label=\"Salen a la luz detalles de Giseel Guzm\u00e1n, mujer trans asesinada en El Carrizal\"><img loading=\"lazy\" decoding=\"async\" width=\"640\" height=\"480\" src=\"https:\/\/girasolmultimedios.com\/portal\/wp-content\/uploads\/Sans-titre-17.png\" class=\"attachment-large size-large wp-post-image\" alt=\"\" style=\"\" srcset=\"https:\/\/girasolmultimedios.com\/portal\/wp-content\/uploads\/Sans-titre-17.png 1024w, https:\/\/girasolmultimedios.com\/portal\/wp-content\/uploads\/Sans-titre-17-300x225.png 300w, https:\/\/girasolmultimedios.com\/portal\/wp-content\/uploads\/Sans-titre-17-150x113.png 150w, https:\/\/girasolmultimedios.com\/portal\/wp-content\/uploads\/Sans-titre-17-768x576.png 768w\" sizes=\"auto, (max-width: 640px) 100vw, 640px\" \/><\/a><\/div><a class=\"wp-block-latest-posts__post-title\" href=\"https:\/\/girasolmultimedios.com\/portal\/salen-a-la-luz-detalles-de-giseel-guzman-mujer-trans-asesinada-en-el-carrizal\/\">Salen a la luz detalles de Giseel Guzm\u00e1n, mujer trans asesinada en El Carrizal<\/a><time datetime=\"2026-03-14T14:07:01-06:00\" class=\"wp-block-latest-posts__post-date\">14 de marzo de 2026<\/time><\/li>\n<li><div class=\"wp-block-latest-posts__featured-image aligncenter\"><a href=\"https:\/\/girasolmultimedios.com\/portal\/la-verdad-siempre-prevalece-romeo-tras-salir-de-la-lista-de-los-mas-buscados\/\" aria-label=\"&#8216;La verdad siempre prevalece&#8217;: Romeo tras salir de la lista de los m\u00e1s buscados\"><img loading=\"lazy\" decoding=\"async\" width=\"640\" height=\"360\" src=\"https:\/\/girasolmultimedios.com\/portal\/wp-content\/uploads\/principal_romeo_reacciona_tras_salir_de_la_lista_de_los_mas_buscados-1024x576.webp\" class=\"attachment-large size-large wp-post-image\" alt=\"\" style=\"\" srcset=\"https:\/\/girasolmultimedios.com\/portal\/wp-content\/uploads\/principal_romeo_reacciona_tras_salir_de_la_lista_de_los_mas_buscados-1024x576.webp 1024w, https:\/\/girasolmultimedios.com\/portal\/wp-content\/uploads\/principal_romeo_reacciona_tras_salir_de_la_lista_de_los_mas_buscados-300x169.webp 300w, https:\/\/girasolmultimedios.com\/portal\/wp-content\/uploads\/principal_romeo_reacciona_tras_salir_de_la_lista_de_los_mas_buscados-150x84.webp 150w, https:\/\/girasolmultimedios.com\/portal\/wp-content\/uploads\/principal_romeo_reacciona_tras_salir_de_la_lista_de_los_mas_buscados-768x432.webp 768w, https:\/\/girasolmultimedios.com\/portal\/wp-content\/uploads\/principal_romeo_reacciona_tras_salir_de_la_lista_de_los_mas_buscados.webp 1280w\" sizes=\"auto, (max-width: 640px) 100vw, 640px\" \/><\/a><\/div><a class=\"wp-block-latest-posts__post-title\" href=\"https:\/\/girasolmultimedios.com\/portal\/la-verdad-siempre-prevalece-romeo-tras-salir-de-la-lista-de-los-mas-buscados\/\">&#8216;La verdad siempre prevalece&#8217;: Romeo tras salir de la lista de los m\u00e1s buscados<\/a><time datetime=\"2026-02-13T09:31:17-06:00\" class=\"wp-block-latest-posts__post-date\">13 de febrero de 2026<\/time><\/li>\n<li><div class=\"wp-block-latest-posts__featured-image aligncenter\"><a href=\"https:\/\/girasolmultimedios.com\/portal\/fuerzas-armadas-aseguran-plantacion-de-30-mil-arbustos-de-coca-en-olancho\/\" aria-label=\"Fuerzas Armadas aseguran plantaci\u00f3n de 30 mil arbustos de coca en Olancho\"><img loading=\"lazy\" decoding=\"async\" width=\"640\" height=\"327\" src=\"https:\/\/girasolmultimedios.com\/portal\/wp-content\/uploads\/Fuerzas-Armadas-aseguran-plantacion-de-30-mil-arbustos-de-coca-en-Olancho-696x356-1.jpg\" class=\"attachment-large size-large wp-post-image\" alt=\"\" style=\"\" srcset=\"https:\/\/girasolmultimedios.com\/portal\/wp-content\/uploads\/Fuerzas-Armadas-aseguran-plantacion-de-30-mil-arbustos-de-coca-en-Olancho-696x356-1.jpg 696w, https:\/\/girasolmultimedios.com\/portal\/wp-content\/uploads\/Fuerzas-Armadas-aseguran-plantacion-de-30-mil-arbustos-de-coca-en-Olancho-696x356-1-300x153.jpg 300w, https:\/\/girasolmultimedios.com\/portal\/wp-content\/uploads\/Fuerzas-Armadas-aseguran-plantacion-de-30-mil-arbustos-de-coca-en-Olancho-696x356-1-150x77.jpg 150w\" sizes=\"auto, (max-width: 640px) 100vw, 640px\" \/><\/a><\/div><a class=\"wp-block-latest-posts__post-title\" href=\"https:\/\/girasolmultimedios.com\/portal\/fuerzas-armadas-aseguran-plantacion-de-30-mil-arbustos-de-coca-en-olancho\/\">Fuerzas Armadas aseguran plantaci\u00f3n de 30 mil arbustos de coca en Olancho<\/a><time datetime=\"2026-02-11T09:53:48-06:00\" class=\"wp-block-latest-posts__post-date\">11 de febrero de 2026<\/time><\/li>\n<\/ul><\/div><\/div>\n\n\n\n<div class=\"wp-block-cover is-light\" style=\"min-height:50px;aspect-ratio:unset;\"><span aria-hidden=\"true\" class=\"wp-block-cover__background has-background-dim-100 has-background-dim\" style=\"background-color:#f0f0f0\"><\/span><div class=\"wp-block-cover__inner-container is-layout-constrained wp-block-cover-is-layout-constrained\">\n<h6 class=\"wp-block-heading has-text-color has-link-color wp-elements-8a4852408633f93e855ea09533b38e75\" style=\"color:#444444\">PATROCINADORES<\/h6>\n\n\n\n<div class=\"wp-block-columns is-not-stacked-on-mobile is-layout-flex wp-container-core-columns-is-layout-28f84493 wp-block-columns-is-layout-flex\">\n<div class=\"wp-block-column is-layout-flow wp-block-column-is-layout-flow\"><div class=\"wp-block-image\">\n<figure class=\"aligncenter size-full\"><img alt=\"\" loading=\"lazy\" decoding=\"async\" width=\"512\" height=\"512\" src=\"https:\/\/girasolmultimedios.com\/portal\/wp-content\/uploads\/sponsor-512x512-tigo.png\" alt=\"\" class=\"wp-image-355\" srcset=\"https:\/\/girasolmultimedios.com\/portal\/wp-content\/uploads\/sponsor-512x512-tigo.png 512w, https:\/\/girasolmultimedios.com\/portal\/wp-content\/uploads\/sponsor-512x512-tigo-300x300.png 300w, https:\/\/girasolmultimedios.com\/portal\/wp-content\/uploads\/sponsor-512x512-tigo-150x150.png 150w\" sizes=\"auto, (max-width: 512px) 100vw, 512px\" \/><\/figure>\n<\/div><\/div>\n\n\n\n<div class=\"wp-block-column is-layout-flow wp-block-column-is-layout-flow\"><div class=\"wp-block-image\">\n<figure class=\"aligncenter size-full\"><img alt=\"\" loading=\"lazy\" decoding=\"async\" width=\"512\" height=\"512\" src=\"https:\/\/girasolmultimedios.com\/portal\/wp-content\/uploads\/sponsor-512x512-banco-de-occidente.png\" alt=\"\" class=\"wp-image-357\" srcset=\"https:\/\/girasolmultimedios.com\/portal\/wp-content\/uploads\/sponsor-512x512-banco-de-occidente.png 512w, https:\/\/girasolmultimedios.com\/portal\/wp-content\/uploads\/sponsor-512x512-banco-de-occidente-300x300.png 300w, https:\/\/girasolmultimedios.com\/portal\/wp-content\/uploads\/sponsor-512x512-banco-de-occidente-150x150.png 150w\" sizes=\"auto, (max-width: 512px) 100vw, 512px\" \/><\/figure>\n<\/div><\/div>\n\n\n\n<div class=\"wp-block-column is-layout-flow wp-block-column-is-layout-flow\"><div class=\"wp-block-image\">\n<figure class=\"aligncenter size-full\"><img alt=\"\" loading=\"lazy\" decoding=\"async\" width=\"512\" height=\"512\" src=\"https:\/\/girasolmultimedios.com\/portal\/wp-content\/uploads\/Sponsor-512x512-la-colonia.png\" alt=\"\" class=\"wp-image-359\" srcset=\"https:\/\/girasolmultimedios.com\/portal\/wp-content\/uploads\/Sponsor-512x512-la-colonia.png 512w, https:\/\/girasolmultimedios.com\/portal\/wp-content\/uploads\/Sponsor-512x512-la-colonia-300x300.png 300w, https:\/\/girasolmultimedios.com\/portal\/wp-content\/uploads\/Sponsor-512x512-la-colonia-150x150.png 150w\" sizes=\"auto, (max-width: 512px) 100vw, 512px\" \/><\/figure>\n<\/div><\/div>\n\n\n\n<div class=\"wp-block-column is-layout-flow wp-block-column-is-layout-flow\"><div class=\"wp-block-image\">\n<figure class=\"aligncenter size-full\"><img alt=\"\" loading=\"lazy\" decoding=\"async\" width=\"512\" height=\"512\" src=\"https:\/\/girasolmultimedios.com\/portal\/wp-content\/uploads\/Sponsor-512x512-GAS.png\" alt=\"\" class=\"wp-image-361\" srcset=\"https:\/\/girasolmultimedios.com\/portal\/wp-content\/uploads\/Sponsor-512x512-GAS.png 512w, https:\/\/girasolmultimedios.com\/portal\/wp-content\/uploads\/Sponsor-512x512-GAS-300x300.png 300w, https:\/\/girasolmultimedios.com\/portal\/wp-content\/uploads\/Sponsor-512x512-GAS-150x150.png 150w\" sizes=\"auto, (max-width: 512px) 100vw, 512px\" \/><\/figure>\n<\/div><\/div>\n<\/div>\n<\/div><\/div>\n\n\n\n<div class=\"wp-block-cover is-light\"><span aria-hidden=\"true\" class=\"wp-block-cover__background has-background-dim-100 has-background-dim\" style=\"background-color:#f9f9f9\"><\/span><div class=\"wp-block-cover__inner-container is-layout-constrained wp-block-cover-is-layout-constrained\">\n<div class=\"wp-block-columns is-layout-flex wp-container-core-columns-is-layout-28f84493 wp-block-columns-is-layout-flex\">\n<div class=\"wp-block-column is-layout-flow wp-block-column-is-layout-flow\">\n<h6 class=\"wp-block-heading\">NOTICIAS INTERNACIONALES<\/h6>\n\n\n<ul class=\"wp-block-latest-posts__list is-grid columns-3 has-dates wp-block-latest-posts\"><li><div class=\"wp-block-latest-posts__featured-image aligncenter\"><a href=\"https:\/\/girasolmultimedios.com\/portal\/el-parlamento-irani-debate-la-salida-de-iran-del-tratado-de-no-proliferacion-nuclear\/\" aria-label=\"El Parlamento iran\u00ed debate la salida de Ir\u00e1n del Tratado de No Proliferaci\u00f3n Nuclear\"><img loading=\"lazy\" decoding=\"async\" width=\"640\" height=\"400\" src=\"https:\/\/girasolmultimedios.com\/portal\/wp-content\/uploads\/IRAN-PARLAMENTO-PLENO.webp\" class=\"attachment-large size-large wp-post-image\" alt=\"\" style=\"\" srcset=\"https:\/\/girasolmultimedios.com\/portal\/wp-content\/uploads\/IRAN-PARLAMENTO-PLENO.webp 900w, https:\/\/girasolmultimedios.com\/portal\/wp-content\/uploads\/IRAN-PARLAMENTO-PLENO-300x187.webp 300w, https:\/\/girasolmultimedios.com\/portal\/wp-content\/uploads\/IRAN-PARLAMENTO-PLENO-150x94.webp 150w, https:\/\/girasolmultimedios.com\/portal\/wp-content\/uploads\/IRAN-PARLAMENTO-PLENO-768x480.webp 768w\" sizes=\"auto, (max-width: 640px) 100vw, 640px\" \/><\/a><\/div><a class=\"wp-block-latest-posts__post-title\" href=\"https:\/\/girasolmultimedios.com\/portal\/el-parlamento-irani-debate-la-salida-de-iran-del-tratado-de-no-proliferacion-nuclear\/\">El Parlamento iran\u00ed debate la salida de Ir\u00e1n del Tratado de No Proliferaci\u00f3n Nuclear<\/a><time datetime=\"2026-03-30T08:48:02-06:00\" class=\"wp-block-latest-posts__post-date\">30 de marzo de 2026<\/time><\/li>\n<li><div class=\"wp-block-latest-posts__featured-image aligncenter\"><a href=\"https:\/\/girasolmultimedios.com\/portal\/costa-rica-firma-un-acuerdo-con-estados-unidos-para-recibir-a-migrantes-extranjeros-en-su-territorio\/\" aria-label=\"Costa Rica firma un acuerdo con Estados Unidos para recibir a migrantes extranjeros en su territorio\"><img loading=\"lazy\" decoding=\"async\" width=\"640\" height=\"427\" src=\"https:\/\/girasolmultimedios.com\/portal\/wp-content\/uploads\/Deportados_Costa_Rica.webp\" class=\"attachment-large size-large wp-post-image\" alt=\"\" style=\"\" srcset=\"https:\/\/girasolmultimedios.com\/portal\/wp-content\/uploads\/Deportados_Costa_Rica.webp 900w, https:\/\/girasolmultimedios.com\/portal\/wp-content\/uploads\/Deportados_Costa_Rica-300x200.webp 300w, https:\/\/girasolmultimedios.com\/portal\/wp-content\/uploads\/Deportados_Costa_Rica-150x100.webp 150w, https:\/\/girasolmultimedios.com\/portal\/wp-content\/uploads\/Deportados_Costa_Rica-768x512.webp 768w\" sizes=\"auto, (max-width: 640px) 100vw, 640px\" \/><\/a><\/div><a class=\"wp-block-latest-posts__post-title\" href=\"https:\/\/girasolmultimedios.com\/portal\/costa-rica-firma-un-acuerdo-con-estados-unidos-para-recibir-a-migrantes-extranjeros-en-su-territorio\/\">Costa Rica firma un acuerdo con Estados Unidos para recibir a migrantes extranjeros en su territorio<\/a><time datetime=\"2026-03-24T08:32:45-06:00\" class=\"wp-block-latest-posts__post-date\">24 de marzo de 2026<\/time><\/li>\n<li><div class=\"wp-block-latest-posts__featured-image aligncenter\"><a href=\"https:\/\/girasolmultimedios.com\/portal\/suben-a-68-los-muertos-en-el-accidente-aereo-en-colombia-tras-el-hallazgo-de-dos-cuerpos\/\" aria-label=\"Suben a 68 los muertos en el accidente a\u00e9reo en Colombia tras el hallazgo de dos cuerpos\"><img loading=\"lazy\" decoding=\"async\" width=\"640\" height=\"426\" src=\"https:\/\/girasolmultimedios.com\/portal\/wp-content\/uploads\/Colombia-avion-Hercules-2.webp\" class=\"attachment-large size-large wp-post-image\" alt=\"\" style=\"\" srcset=\"https:\/\/girasolmultimedios.com\/portal\/wp-content\/uploads\/Colombia-avion-Hercules-2.webp 900w, https:\/\/girasolmultimedios.com\/portal\/wp-content\/uploads\/Colombia-avion-Hercules-2-300x200.webp 300w, https:\/\/girasolmultimedios.com\/portal\/wp-content\/uploads\/Colombia-avion-Hercules-2-150x100.webp 150w, https:\/\/girasolmultimedios.com\/portal\/wp-content\/uploads\/Colombia-avion-Hercules-2-768x511.webp 768w\" sizes=\"auto, (max-width: 640px) 100vw, 640px\" \/><\/a><\/div><a class=\"wp-block-latest-posts__post-title\" href=\"https:\/\/girasolmultimedios.com\/portal\/suben-a-68-los-muertos-en-el-accidente-aereo-en-colombia-tras-el-hallazgo-de-dos-cuerpos\/\">Suben a 68 los muertos en el accidente a\u00e9reo en Colombia tras el hallazgo de dos cuerpos<\/a><time datetime=\"2026-03-24T08:25:22-06:00\" class=\"wp-block-latest-posts__post-date\">24 de marzo de 2026<\/time><\/li>\n<li><div class=\"wp-block-latest-posts__featured-image aligncenter\"><a href=\"https:\/\/girasolmultimedios.com\/portal\/iran-amenaza-con-atacar-empresas-de-ee-uu-si-se-golpea-su-infraestructura-energetica\/\" aria-label=\"Ir\u00e1n amenaza con atacar empresas de EE.UU. si se golpea su infraestructura energ\u00e9tica\"><img loading=\"lazy\" decoding=\"async\" width=\"640\" height=\"427\" src=\"https:\/\/girasolmultimedios.com\/portal\/wp-content\/uploads\/Iran-amenaza-con-atacar-empresas-de-EE.UU_.-si-se-golpea-su-infraestructura-energetica-1024x683.webp\" class=\"attachment-large size-large wp-post-image\" alt=\"\" style=\"\" srcset=\"https:\/\/girasolmultimedios.com\/portal\/wp-content\/uploads\/Iran-amenaza-con-atacar-empresas-de-EE.UU_.-si-se-golpea-su-infraestructura-energetica-1024x683.webp 1024w, https:\/\/girasolmultimedios.com\/portal\/wp-content\/uploads\/Iran-amenaza-con-atacar-empresas-de-EE.UU_.-si-se-golpea-su-infraestructura-energetica-300x200.webp 300w, https:\/\/girasolmultimedios.com\/portal\/wp-content\/uploads\/Iran-amenaza-con-atacar-empresas-de-EE.UU_.-si-se-golpea-su-infraestructura-energetica-150x100.webp 150w, https:\/\/girasolmultimedios.com\/portal\/wp-content\/uploads\/Iran-amenaza-con-atacar-empresas-de-EE.UU_.-si-se-golpea-su-infraestructura-energetica-768x512.webp 768w, https:\/\/girasolmultimedios.com\/portal\/wp-content\/uploads\/Iran-amenaza-con-atacar-empresas-de-EE.UU_.-si-se-golpea-su-infraestructura-energetica-1536x1024.webp 1536w, https:\/\/girasolmultimedios.com\/portal\/wp-content\/uploads\/Iran-amenaza-con-atacar-empresas-de-EE.UU_.-si-se-golpea-su-infraestructura-energetica.webp 1920w\" sizes=\"auto, (max-width: 640px) 100vw, 640px\" \/><\/a><\/div><a class=\"wp-block-latest-posts__post-title\" href=\"https:\/\/girasolmultimedios.com\/portal\/iran-amenaza-con-atacar-empresas-de-ee-uu-si-se-golpea-su-infraestructura-energetica\/\">Ir\u00e1n amenaza con atacar empresas de EE.UU. si se golpea su infraestructura energ\u00e9tica<\/a><time datetime=\"2026-03-14T12:33:17-06:00\" class=\"wp-block-latest-posts__post-date\">14 de marzo de 2026<\/time><\/li>\n<\/ul><\/div>\n\n\n\n<div class=\"wp-block-column is-layout-flow wp-block-column-is-layout-flow\">\n<h6 class=\"wp-block-heading\">NOTICIAS DE POLITICA<\/h6>\n\n\n<ul class=\"wp-block-latest-posts__list is-grid columns-3 has-dates wp-block-latest-posts\"><li><div class=\"wp-block-latest-posts__featured-image aligncenter\"><a href=\"https:\/\/girasolmultimedios.com\/portal\/elecciones-generales-policia-y-ff-aa-reafirman-compromiso-con-la-democracia\/\" aria-label=\"Elecciones generales: Polic\u00eda y FF. AA. reafirman compromiso con la democracia\"><img loading=\"lazy\" decoding=\"async\" width=\"640\" height=\"360\" src=\"https:\/\/girasolmultimedios.com\/portal\/wp-content\/uploads\/principal_policias_y_militares_garantizaran_elecciones-1024x576.webp\" class=\"attachment-large size-large wp-post-image\" alt=\"\" style=\"\" srcset=\"https:\/\/girasolmultimedios.com\/portal\/wp-content\/uploads\/principal_policias_y_militares_garantizaran_elecciones-1024x576.webp 1024w, https:\/\/girasolmultimedios.com\/portal\/wp-content\/uploads\/principal_policias_y_militares_garantizaran_elecciones-300x169.webp 300w, https:\/\/girasolmultimedios.com\/portal\/wp-content\/uploads\/principal_policias_y_militares_garantizaran_elecciones-150x84.webp 150w, https:\/\/girasolmultimedios.com\/portal\/wp-content\/uploads\/principal_policias_y_militares_garantizaran_elecciones-768x432.webp 768w, https:\/\/girasolmultimedios.com\/portal\/wp-content\/uploads\/principal_policias_y_militares_garantizaran_elecciones.webp 1280w\" sizes=\"auto, (max-width: 640px) 100vw, 640px\" \/><\/a><\/div><a class=\"wp-block-latest-posts__post-title\" href=\"https:\/\/girasolmultimedios.com\/portal\/elecciones-generales-policia-y-ff-aa-reafirman-compromiso-con-la-democracia\/\">Elecciones generales: Polic\u00eda y FF. AA. reafirman compromiso con la democracia<\/a><time datetime=\"2025-11-07T16:01:52-06:00\" class=\"wp-block-latest-posts__post-date\">7 de noviembre de 2025<\/time><\/li>\n<li><div class=\"wp-block-latest-posts__featured-image aligncenter\"><a href=\"https:\/\/girasolmultimedios.com\/portal\/cne-pone-en-vigencia-la-prohibicion-de-inauguracion-de-obras-publicas\/\" aria-label=\"CNE pone en vigencia la prohibici\u00f3n de inauguraci\u00f3n de obras p\u00fablicas\"><img loading=\"lazy\" decoding=\"async\" width=\"640\" height=\"336\" src=\"https:\/\/girasolmultimedios.com\/portal\/wp-content\/uploads\/cne-logo-1200x630-1-1024x538.jpg\" class=\"attachment-large size-large wp-post-image\" alt=\"\" style=\"\" srcset=\"https:\/\/girasolmultimedios.com\/portal\/wp-content\/uploads\/cne-logo-1200x630-1-1024x538.jpg 1024w, https:\/\/girasolmultimedios.com\/portal\/wp-content\/uploads\/cne-logo-1200x630-1-300x158.jpg 300w, https:\/\/girasolmultimedios.com\/portal\/wp-content\/uploads\/cne-logo-1200x630-1-150x79.jpg 150w, https:\/\/girasolmultimedios.com\/portal\/wp-content\/uploads\/cne-logo-1200x630-1-768x403.jpg 768w, https:\/\/girasolmultimedios.com\/portal\/wp-content\/uploads\/cne-logo-1200x630-1.jpg 1200w\" sizes=\"auto, (max-width: 640px) 100vw, 640px\" \/><\/a><\/div><a class=\"wp-block-latest-posts__post-title\" href=\"https:\/\/girasolmultimedios.com\/portal\/cne-pone-en-vigencia-la-prohibicion-de-inauguracion-de-obras-publicas\/\">CNE pone en vigencia la prohibici\u00f3n de inauguraci\u00f3n de obras p\u00fablicas<\/a><time datetime=\"2025-10-02T12:31:27-06:00\" class=\"wp-block-latest-posts__post-date\">2 de octubre de 2025<\/time><\/li>\n<li><div class=\"wp-block-latest-posts__featured-image aligncenter\"><a href=\"https:\/\/girasolmultimedios.com\/portal\/cossette-lopez-propone-sellos-y-gps-en-material-electoral\/\" aria-label=\"Cossette L\u00f3pez propone sellos y GPS en material electoral\"><img loading=\"lazy\" decoding=\"async\" width=\"640\" height=\"336\" src=\"https:\/\/girasolmultimedios.com\/portal\/wp-content\/uploads\/Lopez-CNE-1024x538.jpg\" class=\"attachment-large size-large wp-post-image\" alt=\"\" style=\"\" srcset=\"https:\/\/girasolmultimedios.com\/portal\/wp-content\/uploads\/Lopez-CNE-1024x538.jpg 1024w, https:\/\/girasolmultimedios.com\/portal\/wp-content\/uploads\/Lopez-CNE-300x158.jpg 300w, https:\/\/girasolmultimedios.com\/portal\/wp-content\/uploads\/Lopez-CNE-150x79.jpg 150w, https:\/\/girasolmultimedios.com\/portal\/wp-content\/uploads\/Lopez-CNE-768x403.jpg 768w, https:\/\/girasolmultimedios.com\/portal\/wp-content\/uploads\/Lopez-CNE.jpg 1200w\" sizes=\"auto, (max-width: 640px) 100vw, 640px\" \/><\/a><\/div><a class=\"wp-block-latest-posts__post-title\" href=\"https:\/\/girasolmultimedios.com\/portal\/cossette-lopez-propone-sellos-y-gps-en-material-electoral\/\">Cossette L\u00f3pez propone sellos y GPS en material electoral<\/a><time datetime=\"2025-09-26T08:31:48-06:00\" class=\"wp-block-latest-posts__post-date\">26 de septiembre de 2025<\/time><\/li>\n<li><div class=\"wp-block-latest-posts__featured-image aligncenter\"><a href=\"https:\/\/girasolmultimedios.com\/portal\/papi-a-la-orden-y-junior-burbara-escuchan-el-clamor-de-los-taxistas-en-sps-vivienda-credito-y-seguridad-social-son-prioridades\/\" aria-label=\"Papi a la Orden y Junior Burbara escuchan el clamor de los taxistas en SPS: vivienda, cr\u00e9dito y seguridad social son prioridades\"><img loading=\"lazy\" decoding=\"async\" width=\"640\" height=\"336\" src=\"https:\/\/girasolmultimedios.com\/portal\/wp-content\/uploads\/papi_taxistas_sps_1200x630-1024x538.jpg\" class=\"attachment-large size-large wp-post-image\" alt=\"\" style=\"\" srcset=\"https:\/\/girasolmultimedios.com\/portal\/wp-content\/uploads\/papi_taxistas_sps_1200x630-1024x538.jpg 1024w, https:\/\/girasolmultimedios.com\/portal\/wp-content\/uploads\/papi_taxistas_sps_1200x630-300x158.jpg 300w, https:\/\/girasolmultimedios.com\/portal\/wp-content\/uploads\/papi_taxistas_sps_1200x630-150x79.jpg 150w, https:\/\/girasolmultimedios.com\/portal\/wp-content\/uploads\/papi_taxistas_sps_1200x630-768x403.jpg 768w, https:\/\/girasolmultimedios.com\/portal\/wp-content\/uploads\/papi_taxistas_sps_1200x630.jpg 1200w\" sizes=\"auto, (max-width: 640px) 100vw, 640px\" \/><\/a><\/div><a class=\"wp-block-latest-posts__post-title\" href=\"https:\/\/girasolmultimedios.com\/portal\/papi-a-la-orden-y-junior-burbara-escuchan-el-clamor-de-los-taxistas-en-sps-vivienda-credito-y-seguridad-social-son-prioridades\/\">Papi a la Orden y Junior Burbara escuchan el clamor de los taxistas en SPS: vivienda, cr\u00e9dito y seguridad social son prioridades<\/a><time datetime=\"2025-09-25T18:02:36-06:00\" class=\"wp-block-latest-posts__post-date\">25 de septiembre de 2025<\/time><\/li>\n<\/ul><\/div>\n<\/div>\n<\/div><\/div>\n\n\n\n<div class=\"wp-block-cover is-light\" style=\"min-height:50px;aspect-ratio:unset;\"><span aria-hidden=\"true\" class=\"wp-block-cover__background has-background-dim-100 has-background-dim\" style=\"background-color:#f0f0f0\"><\/span><div class=\"wp-block-cover__inner-container is-layout-constrained wp-block-cover-is-layout-constrained\"><div class=\"wp-block-image\">\n<figure class=\"aligncenter size-full\"><a href=\"https:\/\/play.google.com\/store\/apps\/details?id=info.playerlive.girasolmultimedios\" target=\"_blank\" rel=\" noreferrer noopener\"><img alt=\"\" loading=\"lazy\" decoding=\"async\" width=\"1536\" height=\"1024\" src=\"https:\/\/girasolmultimedios.com\/portal\/wp-content\/uploads\/banner-app-girasol-multimedios-1536x1024px.png\" alt=\"\" class=\"wp-image-333\" srcset=\"https:\/\/girasolmultimedios.com\/portal\/wp-content\/uploads\/banner-app-girasol-multimedios-1536x1024px.png 1536w, https:\/\/girasolmultimedios.com\/portal\/wp-content\/uploads\/banner-app-girasol-multimedios-1536x1024px-300x200.png 300w\" sizes=\"auto, (max-width: 1536px) 100vw, 1536px\" \/><\/a><\/figure>\n<\/div><\/div><\/div>\n\n\n\n<div class=\"wp-block-cover is-light\"><span aria-hidden=\"true\" class=\"wp-block-cover__background has-background-dim-100 has-background-dim\" style=\"background-color:#f9f9f9\"><\/span><div class=\"wp-block-cover__inner-container is-layout-constrained wp-block-cover-is-layout-constrained\">\n<div class=\"wp-block-columns is-layout-flex wp-container-core-columns-is-layout-28f84493 wp-block-columns-is-layout-flex\">\n<div class=\"wp-block-column is-layout-flow wp-block-column-is-layout-flow\">\n<h6 class=\"wp-block-heading\">NOTICIAS DE ECONOM\u00cdA<\/h6>\n\n\n<ul class=\"wp-block-latest-posts__list is-grid columns-3 has-dates wp-block-latest-posts\"><li><div class=\"wp-block-latest-posts__featured-image aligncenter\"><a href=\"https:\/\/girasolmultimedios.com\/portal\/el-bch-mantiene-en-5-75-la-tasa-de-politica-monetaria\/\" aria-label=\"El BCH mantiene en 5.75 % la Tasa de Pol\u00edtica Monetaria\"><img loading=\"lazy\" decoding=\"async\" width=\"640\" height=\"328\" src=\"https:\/\/girasolmultimedios.com\/portal\/wp-content\/uploads\/WhatsApp-Image-2025-12-23-at-9.52.38-AM.jpeg\" class=\"attachment-large size-large wp-post-image\" alt=\"\" style=\"\" srcset=\"https:\/\/girasolmultimedios.com\/portal\/wp-content\/uploads\/WhatsApp-Image-2025-12-23-at-9.52.38-AM.jpeg 996w, https:\/\/girasolmultimedios.com\/portal\/wp-content\/uploads\/WhatsApp-Image-2025-12-23-at-9.52.38-AM-300x154.jpeg 300w, https:\/\/girasolmultimedios.com\/portal\/wp-content\/uploads\/WhatsApp-Image-2025-12-23-at-9.52.38-AM-150x77.jpeg 150w, https:\/\/girasolmultimedios.com\/portal\/wp-content\/uploads\/WhatsApp-Image-2025-12-23-at-9.52.38-AM-768x393.jpeg 768w\" sizes=\"auto, (max-width: 640px) 100vw, 640px\" \/><\/a><\/div><a class=\"wp-block-latest-posts__post-title\" href=\"https:\/\/girasolmultimedios.com\/portal\/el-bch-mantiene-en-5-75-la-tasa-de-politica-monetaria\/\">El BCH mantiene en 5.75 % la Tasa de Pol\u00edtica Monetaria<\/a><time datetime=\"2025-12-23T09:52:54-06:00\" class=\"wp-block-latest-posts__post-date\">23 de diciembre de 2025<\/time><\/li>\n<li><div class=\"wp-block-latest-posts__featured-image aligncenter\"><a href=\"https:\/\/girasolmultimedios.com\/portal\/inversion-publica-aprobada-se-ha-ejecutado-en-un-64\/\" aria-label=\"Inversi\u00f3n p\u00fablica aprobada se ha ejecutado en un 64%\"><img loading=\"lazy\" decoding=\"async\" width=\"640\" height=\"328\" src=\"https:\/\/girasolmultimedios.com\/portal\/wp-content\/uploads\/inversion-publica-aprobada-se-ha-ejecutado-en-un-64.jpg\" class=\"attachment-large size-large wp-post-image\" alt=\"\" style=\"\" srcset=\"https:\/\/girasolmultimedios.com\/portal\/wp-content\/uploads\/inversion-publica-aprobada-se-ha-ejecutado-en-un-64.jpg 996w, https:\/\/girasolmultimedios.com\/portal\/wp-content\/uploads\/inversion-publica-aprobada-se-ha-ejecutado-en-un-64-300x154.jpg 300w, https:\/\/girasolmultimedios.com\/portal\/wp-content\/uploads\/inversion-publica-aprobada-se-ha-ejecutado-en-un-64-150x77.jpg 150w, https:\/\/girasolmultimedios.com\/portal\/wp-content\/uploads\/inversion-publica-aprobada-se-ha-ejecutado-en-un-64-768x393.jpg 768w\" sizes=\"auto, (max-width: 640px) 100vw, 640px\" \/><\/a><\/div><a class=\"wp-block-latest-posts__post-title\" href=\"https:\/\/girasolmultimedios.com\/portal\/inversion-publica-aprobada-se-ha-ejecutado-en-un-64\/\">Inversi\u00f3n p\u00fablica aprobada se ha ejecutado en un 64%<\/a><time datetime=\"2025-11-25T10:10:47-06:00\" class=\"wp-block-latest-posts__post-date\">25 de noviembre de 2025<\/time><\/li>\n<li><div class=\"wp-block-latest-posts__featured-image aligncenter\"><a href=\"https:\/\/girasolmultimedios.com\/portal\/combustibles-bajan-de-precio-nuevamente-a-excepcion-del-querosene\/\" aria-label=\"Combustibles bajan de precio nuevamente a excepci\u00f3n del querosene\"><img loading=\"lazy\" decoding=\"async\" width=\"640\" height=\"463\" src=\"https:\/\/girasolmultimedios.com\/portal\/wp-content\/uploads\/Captura-de-pantalla-2025-11-05-094028.png\" class=\"attachment-large size-large wp-post-image\" alt=\"\" style=\"\" srcset=\"https:\/\/girasolmultimedios.com\/portal\/wp-content\/uploads\/Captura-de-pantalla-2025-11-05-094028.png 640w, https:\/\/girasolmultimedios.com\/portal\/wp-content\/uploads\/Captura-de-pantalla-2025-11-05-094028-300x217.png 300w, https:\/\/girasolmultimedios.com\/portal\/wp-content\/uploads\/Captura-de-pantalla-2025-11-05-094028-150x109.png 150w\" sizes=\"auto, (max-width: 640px) 100vw, 640px\" \/><\/a><\/div><a class=\"wp-block-latest-posts__post-title\" href=\"https:\/\/girasolmultimedios.com\/portal\/combustibles-bajan-de-precio-nuevamente-a-excepcion-del-querosene\/\">Combustibles bajan de precio nuevamente a excepci\u00f3n del querosene<\/a><time datetime=\"2025-11-05T09:40:51-06:00\" class=\"wp-block-latest-posts__post-date\">5 de noviembre de 2025<\/time><\/li>\n<li><div class=\"wp-block-latest-posts__featured-image aligncenter\"><a href=\"https:\/\/girasolmultimedios.com\/portal\/honduras-tiene-la-inflacion-y-depreciacion-mas-alta-de-ca-advierte-experto\/\" aria-label=\"Honduras tiene la inflaci\u00f3n y depreciaci\u00f3n m\u00e1s alta de CA, advierte experto\"><img loading=\"lazy\" decoding=\"async\" width=\"640\" height=\"427\" src=\"https:\/\/girasolmultimedios.com\/portal\/wp-content\/uploads\/GbBh6tLX0AAhVTl-696x464-1-1.jpg\" class=\"attachment-large size-large wp-post-image\" alt=\"\" style=\"\" srcset=\"https:\/\/girasolmultimedios.com\/portal\/wp-content\/uploads\/GbBh6tLX0AAhVTl-696x464-1-1.jpg 696w, https:\/\/girasolmultimedios.com\/portal\/wp-content\/uploads\/GbBh6tLX0AAhVTl-696x464-1-1-300x200.jpg 300w, https:\/\/girasolmultimedios.com\/portal\/wp-content\/uploads\/GbBh6tLX0AAhVTl-696x464-1-1-150x100.jpg 150w\" sizes=\"auto, (max-width: 640px) 100vw, 640px\" \/><\/a><\/div><a class=\"wp-block-latest-posts__post-title\" href=\"https:\/\/girasolmultimedios.com\/portal\/honduras-tiene-la-inflacion-y-depreciacion-mas-alta-de-ca-advierte-experto\/\">Honduras tiene la inflaci\u00f3n y depreciaci\u00f3n m\u00e1s alta de CA, advierte experto<\/a><time datetime=\"2025-11-05T09:39:15-06:00\" class=\"wp-block-latest-posts__post-date\">5 de noviembre de 2025<\/time><\/li>\n<\/ul><\/div>\n\n\n\n<div class=\"wp-block-column is-layout-flow wp-block-column-is-layout-flow\">\n<h6 class=\"wp-block-heading\">NOTICIAS DEPORTIVAS<\/h6>\n\n\n<ul class=\"wp-block-latest-posts__list is-grid columns-3 has-dates wp-block-latest-posts\"><li><div class=\"wp-block-latest-posts__featured-image aligncenter\"><a href=\"https:\/\/girasolmultimedios.com\/portal\/cuatro-bajas-sufrehonduras-para-enfrentar-a-costa-rica-y-haiti-esta-es-la-convocatoria-oficial\/\" aria-label=\"Cuatro bajas sufre Honduras para enfrentar a Costa Rica y Haiti: esta es la convocatoria oficial\"><img loading=\"lazy\" decoding=\"async\" width=\"640\" height=\"336\" src=\"https:\/\/girasolmultimedios.com\/portal\/wp-content\/uploads\/honduras-eliminatoria-1200x630-1-1024x538.jpg\" class=\"attachment-large size-large wp-post-image\" alt=\"\" style=\"\" srcset=\"https:\/\/girasolmultimedios.com\/portal\/wp-content\/uploads\/honduras-eliminatoria-1200x630-1-1024x538.jpg 1024w, https:\/\/girasolmultimedios.com\/portal\/wp-content\/uploads\/honduras-eliminatoria-1200x630-1-300x158.jpg 300w, https:\/\/girasolmultimedios.com\/portal\/wp-content\/uploads\/honduras-eliminatoria-1200x630-1-150x79.jpg 150w, https:\/\/girasolmultimedios.com\/portal\/wp-content\/uploads\/honduras-eliminatoria-1200x630-1-768x403.jpg 768w, https:\/\/girasolmultimedios.com\/portal\/wp-content\/uploads\/honduras-eliminatoria-1200x630-1.jpg 1200w\" sizes=\"auto, (max-width: 640px) 100vw, 640px\" \/><\/a><\/div><a class=\"wp-block-latest-posts__post-title\" href=\"https:\/\/girasolmultimedios.com\/portal\/cuatro-bajas-sufrehonduras-para-enfrentar-a-costa-rica-y-haiti-esta-es-la-convocatoria-oficial\/\">Cuatro bajas sufre Honduras para enfrentar a Costa Rica y Haiti: esta es la convocatoria oficial<\/a><time datetime=\"2025-10-02T13:28:49-06:00\" class=\"wp-block-latest-posts__post-date\">2 de octubre de 2025<\/time><\/li>\n<li><div class=\"wp-block-latest-posts__featured-image aligncenter\"><a href=\"https:\/\/girasolmultimedios.com\/portal\/olimpia-enfrenta-a-cartagines-en-copa-centroamericana-y-busca-sellar-su-clasificacion\/\" aria-label=\"Olimpia enfrenta a Cartagin\u00e9s en Copa Centroamericana y busca sellar su clasificaci\u00f3n\"><img loading=\"lazy\" decoding=\"async\" width=\"640\" height=\"336\" src=\"https:\/\/girasolmultimedios.com\/portal\/wp-content\/uploads\/olimpia_catagines_1200x630-1024x538.jpg\" class=\"attachment-large size-large wp-post-image\" alt=\"\" style=\"\" srcset=\"https:\/\/girasolmultimedios.com\/portal\/wp-content\/uploads\/olimpia_catagines_1200x630-1024x538.jpg 1024w, https:\/\/girasolmultimedios.com\/portal\/wp-content\/uploads\/olimpia_catagines_1200x630-300x158.jpg 300w, https:\/\/girasolmultimedios.com\/portal\/wp-content\/uploads\/olimpia_catagines_1200x630-150x79.jpg 150w, https:\/\/girasolmultimedios.com\/portal\/wp-content\/uploads\/olimpia_catagines_1200x630-768x403.jpg 768w, https:\/\/girasolmultimedios.com\/portal\/wp-content\/uploads\/olimpia_catagines_1200x630.jpg 1200w\" sizes=\"auto, (max-width: 640px) 100vw, 640px\" \/><\/a><\/div><a class=\"wp-block-latest-posts__post-title\" href=\"https:\/\/girasolmultimedios.com\/portal\/olimpia-enfrenta-a-cartagines-en-copa-centroamericana-y-busca-sellar-su-clasificacion\/\">Olimpia enfrenta a Cartagin\u00e9s en Copa Centroamericana y busca sellar su clasificaci\u00f3n<\/a><time datetime=\"2025-10-02T12:15:03-06:00\" class=\"wp-block-latest-posts__post-date\">2 de octubre de 2025<\/time><\/li>\n<li><div class=\"wp-block-latest-posts__featured-image aligncenter\"><a href=\"https:\/\/girasolmultimedios.com\/portal\/real-espana-en-semifinales-de-la-copa-centroamericana-tras-vencer-a-plaza-amador\/\" aria-label=\"Real Espa\u00f1a en semifinales de la Copa Centroamericana tras vencer a Plaza Amador\"><img loading=\"lazy\" decoding=\"async\" width=\"640\" height=\"336\" src=\"https:\/\/girasolmultimedios.com\/portal\/wp-content\/uploads\/real_espana_plazaamador_1200x630-1024x538.jpg\" class=\"attachment-large size-large wp-post-image\" alt=\"\" style=\"\" srcset=\"https:\/\/girasolmultimedios.com\/portal\/wp-content\/uploads\/real_espana_plazaamador_1200x630-1024x538.jpg 1024w, https:\/\/girasolmultimedios.com\/portal\/wp-content\/uploads\/real_espana_plazaamador_1200x630-300x158.jpg 300w, https:\/\/girasolmultimedios.com\/portal\/wp-content\/uploads\/real_espana_plazaamador_1200x630-150x79.jpg 150w, https:\/\/girasolmultimedios.com\/portal\/wp-content\/uploads\/real_espana_plazaamador_1200x630-768x403.jpg 768w, https:\/\/girasolmultimedios.com\/portal\/wp-content\/uploads\/real_espana_plazaamador_1200x630.jpg 1200w\" sizes=\"auto, (max-width: 640px) 100vw, 640px\" \/><\/a><\/div><a class=\"wp-block-latest-posts__post-title\" href=\"https:\/\/girasolmultimedios.com\/portal\/real-espana-en-semifinales-de-la-copa-centroamericana-tras-vencer-a-plaza-amador\/\">Real Espa\u00f1a en semifinales de la Copa Centroamericana tras vencer a Plaza Amador<\/a><time datetime=\"2025-10-02T09:26:41-06:00\" class=\"wp-block-latest-posts__post-date\">2 de octubre de 2025<\/time><\/li>\n<li><div class=\"wp-block-latest-posts__featured-image aligncenter\"><a href=\"https:\/\/girasolmultimedios.com\/portal\/psg-vencio-sobre-el-final-2-1-al-barcelona-en-cataluna\/\" aria-label=\"PSG venci\u00f3 sobre el final 2-1 al Barcelona en Catalu\u00f1a\"><img loading=\"lazy\" decoding=\"async\" width=\"640\" height=\"336\" src=\"https:\/\/girasolmultimedios.com\/portal\/wp-content\/uploads\/reuters_barcelona_psg_1200x630-1024x538.jpg\" class=\"attachment-large size-large wp-post-image\" alt=\"\" style=\"\" srcset=\"https:\/\/girasolmultimedios.com\/portal\/wp-content\/uploads\/reuters_barcelona_psg_1200x630-1024x538.jpg 1024w, https:\/\/girasolmultimedios.com\/portal\/wp-content\/uploads\/reuters_barcelona_psg_1200x630-300x158.jpg 300w, https:\/\/girasolmultimedios.com\/portal\/wp-content\/uploads\/reuters_barcelona_psg_1200x630-150x79.jpg 150w, https:\/\/girasolmultimedios.com\/portal\/wp-content\/uploads\/reuters_barcelona_psg_1200x630-768x403.jpg 768w, https:\/\/girasolmultimedios.com\/portal\/wp-content\/uploads\/reuters_barcelona_psg_1200x630.jpg 1200w\" sizes=\"auto, (max-width: 640px) 100vw, 640px\" \/><\/a><\/div><a class=\"wp-block-latest-posts__post-title\" href=\"https:\/\/girasolmultimedios.com\/portal\/psg-vencio-sobre-el-final-2-1-al-barcelona-en-cataluna\/\">PSG venci\u00f3 sobre el final 2-1 al Barcelona en Catalu\u00f1a<\/a><time datetime=\"2025-10-01T16:33:11-06:00\" class=\"wp-block-latest-posts__post-date\">1 de octubre de 2025<\/time><\/li>\n<\/ul><\/div>\n<\/div>\n<\/div><\/div>\n\n\n\n<div class=\"wp-block-cover is-light\" style=\"min-height:50px;aspect-ratio:unset;\"><span aria-hidden=\"true\" class=\"wp-block-cover__background has-background-dim-100 has-background-dim\" style=\"background-color:#f0f0f0\"><\/span><div class=\"wp-block-cover__inner-container is-layout-constrained wp-block-cover-is-layout-constrained\">\n<h6 class=\"wp-block-heading has-text-color has-link-color wp-elements-8a4852408633f93e855ea09533b38e75\" style=\"color:#444444\">PATROCINADORES<\/h6>\n\n\n\n<div class=\"wp-block-columns is-not-stacked-on-mobile is-layout-flex wp-container-core-columns-is-layout-28f84493 wp-block-columns-is-layout-flex\">\n<div class=\"wp-block-column is-layout-flow wp-block-column-is-layout-flow\"><div class=\"wp-block-image\">\n<figure class=\"aligncenter size-full\"><img alt=\"\" loading=\"lazy\" decoding=\"async\" width=\"512\" height=\"512\" src=\"https:\/\/girasolmultimedios.com\/portal\/wp-content\/uploads\/sponsor-512x512-tigo.png\" alt=\"\" class=\"wp-image-355\" srcset=\"https:\/\/girasolmultimedios.com\/portal\/wp-content\/uploads\/sponsor-512x512-tigo.png 512w, https:\/\/girasolmultimedios.com\/portal\/wp-content\/uploads\/sponsor-512x512-tigo-300x300.png 300w, https:\/\/girasolmultimedios.com\/portal\/wp-content\/uploads\/sponsor-512x512-tigo-150x150.png 150w\" sizes=\"auto, (max-width: 512px) 100vw, 512px\" \/><\/figure>\n<\/div><\/div>\n\n\n\n<div class=\"wp-block-column is-layout-flow wp-block-column-is-layout-flow\"><div class=\"wp-block-image\">\n<figure class=\"aligncenter size-full\"><img alt=\"\" loading=\"lazy\" decoding=\"async\" width=\"512\" height=\"512\" src=\"https:\/\/girasolmultimedios.com\/portal\/wp-content\/uploads\/sponsor-512x512-banco-de-occidente.png\" alt=\"\" class=\"wp-image-357\" srcset=\"https:\/\/girasolmultimedios.com\/portal\/wp-content\/uploads\/sponsor-512x512-banco-de-occidente.png 512w, https:\/\/girasolmultimedios.com\/portal\/wp-content\/uploads\/sponsor-512x512-banco-de-occidente-300x300.png 300w, https:\/\/girasolmultimedios.com\/portal\/wp-content\/uploads\/sponsor-512x512-banco-de-occidente-150x150.png 150w\" sizes=\"auto, (max-width: 512px) 100vw, 512px\" \/><\/figure>\n<\/div><\/div>\n\n\n\n<div class=\"wp-block-column is-layout-flow wp-block-column-is-layout-flow\"><div class=\"wp-block-image\">\n<figure class=\"aligncenter size-full\"><img alt=\"\" loading=\"lazy\" decoding=\"async\" width=\"512\" height=\"512\" src=\"https:\/\/girasolmultimedios.com\/portal\/wp-content\/uploads\/Sponsor-512x512-la-colonia.png\" alt=\"\" class=\"wp-image-359\" srcset=\"https:\/\/girasolmultimedios.com\/portal\/wp-content\/uploads\/Sponsor-512x512-la-colonia.png 512w, https:\/\/girasolmultimedios.com\/portal\/wp-content\/uploads\/Sponsor-512x512-la-colonia-300x300.png 300w, https:\/\/girasolmultimedios.com\/portal\/wp-content\/uploads\/Sponsor-512x512-la-colonia-150x150.png 150w\" sizes=\"auto, (max-width: 512px) 100vw, 512px\" \/><\/figure>\n<\/div><\/div>\n\n\n\n<div class=\"wp-block-column is-layout-flow wp-block-column-is-layout-flow\"><div class=\"wp-block-image\">\n<figure class=\"aligncenter size-full\"><img alt=\"\" loading=\"lazy\" decoding=\"async\" width=\"512\" height=\"512\" src=\"https:\/\/girasolmultimedios.com\/portal\/wp-content\/uploads\/Sponsor-512x512-GAS.png\" alt=\"\" class=\"wp-image-361\" srcset=\"https:\/\/girasolmultimedios.com\/portal\/wp-content\/uploads\/Sponsor-512x512-GAS.png 512w, https:\/\/girasolmultimedios.com\/portal\/wp-content\/uploads\/Sponsor-512x512-GAS-300x300.png 300w, https:\/\/girasolmultimedios.com\/portal\/wp-content\/uploads\/Sponsor-512x512-GAS-150x150.png 150w\" sizes=\"auto, (max-width: 512px) 100vw, 512px\" \/><\/figure>\n<\/div><\/div>\n<\/div>\n<\/div><\/div>\n\n\n\n<div class=\"wp-block-cover is-light\"><span aria-hidden=\"true\" class=\"wp-block-cover__background has-background-dim-100 has-background-dim\" style=\"background-color:#f9f9f9\"><\/span><div class=\"wp-block-cover__inner-container is-layout-constrained wp-block-cover-is-layout-constrained\">\n<div class=\"wp-block-columns is-layout-flex wp-container-core-columns-is-layout-28f84493 wp-block-columns-is-layout-flex\">\n<div class=\"wp-block-column is-layout-flow wp-block-column-is-layout-flow\">\n<h6 class=\"wp-block-heading\">NOTICIAS CULTURALES<\/h6>\n\n\n<ul class=\"wp-block-latest-posts__list is-grid columns-3 has-dates wp-block-latest-posts\"><li><div class=\"wp-block-latest-posts__featured-image aligncenter\"><a href=\"https:\/\/girasolmultimedios.com\/portal\/danli-contara-con-cursos-vacacionales-en-casa-de-la-cultura\/\" aria-label=\"Danl\u00ed contar\u00e1 con cursos vacacionales en Casa de la Cultura\"><img loading=\"lazy\" decoding=\"async\" width=\"640\" height=\"336\" src=\"https:\/\/girasolmultimedios.com\/portal\/wp-content\/uploads\/ninos_casacultura_1200x630-1024x538.jpg\" class=\"attachment-large size-large wp-post-image\" alt=\"\" style=\"\" srcset=\"https:\/\/girasolmultimedios.com\/portal\/wp-content\/uploads\/ninos_casacultura_1200x630-1024x538.jpg 1024w, https:\/\/girasolmultimedios.com\/portal\/wp-content\/uploads\/ninos_casacultura_1200x630-300x158.jpg 300w, https:\/\/girasolmultimedios.com\/portal\/wp-content\/uploads\/ninos_casacultura_1200x630-150x79.jpg 150w, https:\/\/girasolmultimedios.com\/portal\/wp-content\/uploads\/ninos_casacultura_1200x630-768x403.jpg 768w, https:\/\/girasolmultimedios.com\/portal\/wp-content\/uploads\/ninos_casacultura_1200x630.jpg 1200w\" sizes=\"auto, (max-width: 640px) 100vw, 640px\" \/><\/a><\/div><a class=\"wp-block-latest-posts__post-title\" href=\"https:\/\/girasolmultimedios.com\/portal\/danli-contara-con-cursos-vacacionales-en-casa-de-la-cultura\/\">Danl\u00ed contar\u00e1 con cursos vacacionales en Casa de la Cultura<\/a><time datetime=\"2025-09-24T15:30:49-06:00\" class=\"wp-block-latest-posts__post-date\">24 de septiembre de 2025<\/time><\/li>\n<li><div class=\"wp-block-latest-posts__featured-image aligncenter\"><a href=\"https:\/\/girasolmultimedios.com\/portal\/obras-del-pintor-arvin-zelaya-destacan-en-galerias-e-iglesias\/\" aria-label=\"Obras del pintor Arvin Zelaya destacan en galer\u00edas e iglesias\"><img loading=\"lazy\" decoding=\"async\" width=\"640\" height=\"336\" src=\"https:\/\/girasolmultimedios.com\/portal\/wp-content\/uploads\/pintor-Arvin-Zelaya-sept2025-1200x630px-1024x538.jpg\" class=\"attachment-large size-large wp-post-image\" alt=\"\" style=\"\" srcset=\"https:\/\/girasolmultimedios.com\/portal\/wp-content\/uploads\/pintor-Arvin-Zelaya-sept2025-1200x630px-1024x538.jpg 1024w, https:\/\/girasolmultimedios.com\/portal\/wp-content\/uploads\/pintor-Arvin-Zelaya-sept2025-1200x630px-300x158.jpg 300w, https:\/\/girasolmultimedios.com\/portal\/wp-content\/uploads\/pintor-Arvin-Zelaya-sept2025-1200x630px-150x79.jpg 150w, https:\/\/girasolmultimedios.com\/portal\/wp-content\/uploads\/pintor-Arvin-Zelaya-sept2025-1200x630px-768x403.jpg 768w, https:\/\/girasolmultimedios.com\/portal\/wp-content\/uploads\/pintor-Arvin-Zelaya-sept2025-1200x630px.jpg 1200w\" sizes=\"auto, (max-width: 640px) 100vw, 640px\" \/><\/a><\/div><a class=\"wp-block-latest-posts__post-title\" href=\"https:\/\/girasolmultimedios.com\/portal\/obras-del-pintor-arvin-zelaya-destacan-en-galerias-e-iglesias\/\">Obras del pintor Arvin Zelaya destacan en galer\u00edas e iglesias<\/a><time datetime=\"2025-09-19T14:07:09-06:00\" class=\"wp-block-latest-posts__post-date\">19 de septiembre de 2025<\/time><\/li>\n<\/ul><\/div>\n\n\n\n<div class=\"wp-block-column is-layout-flow wp-block-column-is-layout-flow\">\n<h6 class=\"wp-block-heading\">NOTICIAS DE ENTRETENIMIENTO<\/h6>\n\n\n<ul class=\"wp-block-latest-posts__list is-grid columns-3 has-dates wp-block-latest-posts\"><li><div class=\"wp-block-latest-posts__featured-image aligncenter\"><a href=\"https:\/\/girasolmultimedios.com\/portal\/bad-bunny-sera-la-estrella-del-medio-tiempo-del-super-bowl-en-california\/\" aria-label=\"Bad Bunny ser\u00e1 la estrella del medio tiempo del Super Bowl en California\"><img loading=\"lazy\" decoding=\"async\" width=\"640\" height=\"336\" src=\"https:\/\/girasolmultimedios.com\/portal\/wp-content\/uploads\/badbunny_1200x630-1024x538.jpg\" class=\"attachment-large size-large wp-post-image\" alt=\"\" style=\"\" srcset=\"https:\/\/girasolmultimedios.com\/portal\/wp-content\/uploads\/badbunny_1200x630-1024x538.jpg 1024w, https:\/\/girasolmultimedios.com\/portal\/wp-content\/uploads\/badbunny_1200x630-300x158.jpg 300w, https:\/\/girasolmultimedios.com\/portal\/wp-content\/uploads\/badbunny_1200x630-150x79.jpg 150w, https:\/\/girasolmultimedios.com\/portal\/wp-content\/uploads\/badbunny_1200x630-768x403.jpg 768w, https:\/\/girasolmultimedios.com\/portal\/wp-content\/uploads\/badbunny_1200x630.jpg 1200w\" sizes=\"auto, (max-width: 640px) 100vw, 640px\" \/><\/a><\/div><a class=\"wp-block-latest-posts__post-title\" href=\"https:\/\/girasolmultimedios.com\/portal\/bad-bunny-sera-la-estrella-del-medio-tiempo-del-super-bowl-en-california\/\">Bad Bunny ser\u00e1 la estrella del medio tiempo del Super Bowl en California<\/a><time datetime=\"2025-09-29T13:23:22-06:00\" class=\"wp-block-latest-posts__post-date\">29 de septiembre de 2025<\/time><\/li>\n<\/ul><\/div>\n<\/div>\n<\/div><\/div>\n\n\n\n<div class=\"wp-block-cover is-light\"><span aria-hidden=\"true\" class=\"wp-block-cover__background has-background-dim-100 has-background-dim\" style=\"background-color:#f9f9f9\"><\/span><div class=\"wp-block-cover__inner-container is-layout-constrained wp-block-cover-is-layout-constrained\">\n<div class=\"wp-block-columns is-layout-flex wp-container-core-columns-is-layout-28f84493 wp-block-columns-is-layout-flex\">\n<div class=\"wp-block-column is-layout-flow wp-block-column-is-layout-flow\">\n<h6 class=\"wp-block-heading\">NOTICIAS DEL CLIMA<\/h6>\n\n\n<ul class=\"wp-block-latest-posts__list is-grid columns-3 has-dates wp-block-latest-posts\"><li><div class=\"wp-block-latest-posts__featured-image aligncenter\"><a href=\"https:\/\/girasolmultimedios.com\/portal\/alerta-en-taiwan-ante-la-llegada-de-tifon-fung-wong\/\" aria-label=\"Alerta en Taiw\u00e1n ante la llegada de tif\u00f3n Fung-wong\"><img loading=\"lazy\" decoding=\"async\" width=\"640\" height=\"480\" src=\"https:\/\/girasolmultimedios.com\/portal\/wp-content\/uploads\/TIFON-FUNG-WONG.webp\" class=\"attachment-large size-large wp-post-image\" alt=\"\" style=\"\" srcset=\"https:\/\/girasolmultimedios.com\/portal\/wp-content\/uploads\/TIFON-FUNG-WONG.webp 900w, https:\/\/girasolmultimedios.com\/portal\/wp-content\/uploads\/TIFON-FUNG-WONG-300x225.webp 300w, https:\/\/girasolmultimedios.com\/portal\/wp-content\/uploads\/TIFON-FUNG-WONG-150x113.webp 150w, https:\/\/girasolmultimedios.com\/portal\/wp-content\/uploads\/TIFON-FUNG-WONG-768x576.webp 768w\" sizes=\"auto, (max-width: 640px) 100vw, 640px\" \/><\/a><\/div><a class=\"wp-block-latest-posts__post-title\" href=\"https:\/\/girasolmultimedios.com\/portal\/alerta-en-taiwan-ante-la-llegada-de-tifon-fung-wong\/\">Alerta en Taiw\u00e1n ante la llegada de tif\u00f3n Fung-wong<\/a><time datetime=\"2025-11-11T03:11:18-06:00\" class=\"wp-block-latest-posts__post-date\">11 de noviembre de 2025<\/time><\/li>\n<li><div class=\"wp-block-latest-posts__featured-image aligncenter\"><a href=\"https:\/\/girasolmultimedios.com\/portal\/estado-del-tiempo-para-hoy-miercoles-5-de-noviembre\/\" aria-label=\"Estado del tiempo para hoy mi\u00e9rcoles 5 de noviembre\"><img loading=\"lazy\" decoding=\"async\" width=\"640\" height=\"363\" src=\"https:\/\/girasolmultimedios.com\/portal\/wp-content\/uploads\/Captura-de-pantalla-2025-11-05-091839.png\" class=\"attachment-large size-large wp-post-image\" alt=\"\" style=\"\" srcset=\"https:\/\/girasolmultimedios.com\/portal\/wp-content\/uploads\/Captura-de-pantalla-2025-11-05-091839.png 781w, https:\/\/girasolmultimedios.com\/portal\/wp-content\/uploads\/Captura-de-pantalla-2025-11-05-091839-300x170.png 300w, https:\/\/girasolmultimedios.com\/portal\/wp-content\/uploads\/Captura-de-pantalla-2025-11-05-091839-150x85.png 150w, https:\/\/girasolmultimedios.com\/portal\/wp-content\/uploads\/Captura-de-pantalla-2025-11-05-091839-768x436.png 768w\" sizes=\"auto, (max-width: 640px) 100vw, 640px\" \/><\/a><\/div><a class=\"wp-block-latest-posts__post-title\" href=\"https:\/\/girasolmultimedios.com\/portal\/estado-del-tiempo-para-hoy-miercoles-5-de-noviembre\/\">Estado del tiempo para hoy mi\u00e9rcoles 5 de noviembre<\/a><time datetime=\"2025-11-05T09:18:59-06:00\" class=\"wp-block-latest-posts__post-date\">5 de noviembre de 2025<\/time><\/li>\n<li><div class=\"wp-block-latest-posts__featured-image aligncenter\"><a href=\"https:\/\/girasolmultimedios.com\/portal\/persisten-las-lluvias-en-honduras-este-lunes\/\" aria-label=\"Persisten las lluvias en Honduras este lunes\"><img loading=\"lazy\" decoding=\"async\" width=\"640\" height=\"336\" src=\"https:\/\/girasolmultimedios.com\/portal\/wp-content\/uploads\/clima-46-747171-20220118075633-92385_11613780_20250810085632-1024x538.jpg\" class=\"attachment-large size-large wp-post-image\" alt=\"\" style=\"\" srcset=\"https:\/\/girasolmultimedios.com\/portal\/wp-content\/uploads\/clima-46-747171-20220118075633-92385_11613780_20250810085632-1024x538.jpg 1024w, https:\/\/girasolmultimedios.com\/portal\/wp-content\/uploads\/clima-46-747171-20220118075633-92385_11613780_20250810085632-300x158.jpg 300w, https:\/\/girasolmultimedios.com\/portal\/wp-content\/uploads\/clima-46-747171-20220118075633-92385_11613780_20250810085632-150x79.jpg 150w, https:\/\/girasolmultimedios.com\/portal\/wp-content\/uploads\/clima-46-747171-20220118075633-92385_11613780_20250810085632-768x403.jpg 768w, https:\/\/girasolmultimedios.com\/portal\/wp-content\/uploads\/clima-46-747171-20220118075633-92385_11613780_20250810085632.jpg 1200w\" sizes=\"auto, (max-width: 640px) 100vw, 640px\" \/><\/a><\/div><a class=\"wp-block-latest-posts__post-title\" href=\"https:\/\/girasolmultimedios.com\/portal\/persisten-las-lluvias-en-honduras-este-lunes\/\">Persisten las lluvias en Honduras este lunes<\/a><time datetime=\"2025-10-06T09:22:15-06:00\" class=\"wp-block-latest-posts__post-date\">6 de octubre de 2025<\/time><\/li>\n<li><div class=\"wp-block-latest-posts__featured-image aligncenter\"><a href=\"https:\/\/girasolmultimedios.com\/portal\/fenomeno-de-tromba-marina-causa-asombro-entre-residentes-y-turistas-en-islas-de-la-bahia\/\" aria-label=\"Fen\u00f3meno de tromba marina causa asombro entre residentes y turistas en Islas de la Bah\u00eda\"><img loading=\"lazy\" decoding=\"async\" width=\"640\" height=\"336\" src=\"https:\/\/girasolmultimedios.com\/portal\/wp-content\/uploads\/trumba-1024x538.jpg\" class=\"attachment-large size-large wp-post-image\" alt=\"\" style=\"\" srcset=\"https:\/\/girasolmultimedios.com\/portal\/wp-content\/uploads\/trumba-1024x538.jpg 1024w, https:\/\/girasolmultimedios.com\/portal\/wp-content\/uploads\/trumba-300x158.jpg 300w, https:\/\/girasolmultimedios.com\/portal\/wp-content\/uploads\/trumba-150x79.jpg 150w, https:\/\/girasolmultimedios.com\/portal\/wp-content\/uploads\/trumba-768x403.jpg 768w, https:\/\/girasolmultimedios.com\/portal\/wp-content\/uploads\/trumba.jpg 1200w\" sizes=\"auto, (max-width: 640px) 100vw, 640px\" \/><\/a><\/div><a class=\"wp-block-latest-posts__post-title\" href=\"https:\/\/girasolmultimedios.com\/portal\/fenomeno-de-tromba-marina-causa-asombro-entre-residentes-y-turistas-en-islas-de-la-bahia\/\">Fen\u00f3meno de tromba marina causa asombro entre residentes y turistas en Islas de la Bah\u00eda<\/a><time datetime=\"2025-09-30T14:11:21-06:00\" class=\"wp-block-latest-posts__post-date\">30 de septiembre de 2025<\/time><\/li>\n<\/ul><\/div>\n\n\n\n<div class=\"wp-block-column is-layout-flow wp-block-column-is-layout-flow\">\n<h6 class=\"wp-block-heading\">NOTICIAS DE TECNOLOG\u00cdA E INTERNET<\/h6>\n\n\n<ul class=\"wp-block-latest-posts__list is-grid columns-3 has-dates wp-block-latest-posts\"><li><div class=\"wp-block-latest-posts__featured-image aligncenter\"><a href=\"https:\/\/girasolmultimedios.com\/portal\/es-oficial-la-entrega-del-bono-10-mil-esto-se-conoce-hasta-ahora\/\" aria-label=\"\u00bfEs oficial la entrega del Bono 10 mil? Esto se conoce hasta ahora\"><img loading=\"lazy\" decoding=\"async\" width=\"640\" height=\"327\" src=\"https:\/\/girasolmultimedios.com\/portal\/wp-content\/uploads\/\u00bfEs-oficial-la-entrega-del-Bono-10-mil_-Esto-se-conoce-hasta-ahora-696x356-2.webp\" class=\"attachment-large size-large wp-post-image\" alt=\"\" style=\"\" srcset=\"https:\/\/girasolmultimedios.com\/portal\/wp-content\/uploads\/\u00bfEs-oficial-la-entrega-del-Bono-10-mil_-Esto-se-conoce-hasta-ahora-696x356-2.webp 696w, https:\/\/girasolmultimedios.com\/portal\/wp-content\/uploads\/\u00bfEs-oficial-la-entrega-del-Bono-10-mil_-Esto-se-conoce-hasta-ahora-696x356-2-300x153.webp 300w, https:\/\/girasolmultimedios.com\/portal\/wp-content\/uploads\/\u00bfEs-oficial-la-entrega-del-Bono-10-mil_-Esto-se-conoce-hasta-ahora-696x356-2-150x77.webp 150w\" sizes=\"auto, (max-width: 640px) 100vw, 640px\" \/><\/a><\/div><a class=\"wp-block-latest-posts__post-title\" href=\"https:\/\/girasolmultimedios.com\/portal\/es-oficial-la-entrega-del-bono-10-mil-esto-se-conoce-hasta-ahora\/\">\u00bfEs oficial la entrega del Bono 10 mil? Esto se conoce hasta ahora<\/a><time datetime=\"2026-02-17T09:48:49-06:00\" class=\"wp-block-latest-posts__post-date\">17 de febrero de 2026<\/time><\/li>\n<li><div class=\"wp-block-latest-posts__featured-image aligncenter\"><a href=\"https:\/\/girasolmultimedios.com\/portal\/sesal-alerta-por-aumento-de-influenza-a-h3n2-y-refuerza-vigilancia\/\" aria-label=\"Sesal alerta por aumento de influenza A H3N2 y refuerza vigilancia\"><img loading=\"lazy\" decoding=\"async\" width=\"640\" height=\"328\" src=\"https:\/\/girasolmultimedios.com\/portal\/wp-content\/uploads\/WhatsApp-Image-2025-12-16-at-9.46.44-AM.jpeg\" class=\"attachment-large size-large wp-post-image\" alt=\"\" style=\"\" srcset=\"https:\/\/girasolmultimedios.com\/portal\/wp-content\/uploads\/WhatsApp-Image-2025-12-16-at-9.46.44-AM.jpeg 996w, https:\/\/girasolmultimedios.com\/portal\/wp-content\/uploads\/WhatsApp-Image-2025-12-16-at-9.46.44-AM-300x154.jpeg 300w, https:\/\/girasolmultimedios.com\/portal\/wp-content\/uploads\/WhatsApp-Image-2025-12-16-at-9.46.44-AM-150x77.jpeg 150w, https:\/\/girasolmultimedios.com\/portal\/wp-content\/uploads\/WhatsApp-Image-2025-12-16-at-9.46.44-AM-768x393.jpeg 768w\" sizes=\"auto, (max-width: 640px) 100vw, 640px\" \/><\/a><\/div><a class=\"wp-block-latest-posts__post-title\" href=\"https:\/\/girasolmultimedios.com\/portal\/sesal-alerta-por-aumento-de-influenza-a-h3n2-y-refuerza-vigilancia\/\">Sesal alerta por aumento de influenza A H3N2 y refuerza vigilancia<\/a><time datetime=\"2025-12-16T09:47:02-06:00\" class=\"wp-block-latest-posts__post-date\">16 de diciembre de 2025<\/time><\/li>\n<li><div class=\"wp-block-latest-posts__featured-image aligncenter\"><a href=\"https:\/\/girasolmultimedios.com\/portal\/trump-firma-una-orden-que-declara-lista-la-venta-de-tiktok-y-la-valora-en-14-mil-millones-de-dolares\/\" aria-label=\"Trump firma una orden que declara lista la venta de TikTok y la valora en 14 mil millones de d\u00f3lares\"><img loading=\"lazy\" decoding=\"async\" width=\"640\" height=\"336\" src=\"https:\/\/girasolmultimedios.com\/portal\/wp-content\/uploads\/Trump-Tiktok-1024x538.jpg\" class=\"attachment-large size-large wp-post-image\" alt=\"\" style=\"\" srcset=\"https:\/\/girasolmultimedios.com\/portal\/wp-content\/uploads\/Trump-Tiktok-1024x538.jpg 1024w, https:\/\/girasolmultimedios.com\/portal\/wp-content\/uploads\/Trump-Tiktok-300x158.jpg 300w, https:\/\/girasolmultimedios.com\/portal\/wp-content\/uploads\/Trump-Tiktok-150x79.jpg 150w, https:\/\/girasolmultimedios.com\/portal\/wp-content\/uploads\/Trump-Tiktok-768x403.jpg 768w, https:\/\/girasolmultimedios.com\/portal\/wp-content\/uploads\/Trump-Tiktok.jpg 1200w\" sizes=\"auto, (max-width: 640px) 100vw, 640px\" \/><\/a><\/div><a class=\"wp-block-latest-posts__post-title\" href=\"https:\/\/girasolmultimedios.com\/portal\/trump-firma-una-orden-que-declara-lista-la-venta-de-tiktok-y-la-valora-en-14-mil-millones-de-dolares\/\">Trump firma una orden que declara lista la venta de TikTok y la valora en 14 mil millones de d\u00f3lares<\/a><time datetime=\"2025-09-26T08:13:00-06:00\" class=\"wp-block-latest-posts__post-date\">26 de septiembre de 2025<\/time><\/li>\n<li><div class=\"wp-block-latest-posts__featured-image aligncenter\"><a href=\"https:\/\/girasolmultimedios.com\/portal\/la-compania-xiaomi-presenta-su-nueva-gama-17-en-busca-de-competir-con-apple\/\" aria-label=\"La compa\u00f1\u00eda Xiaomi presenta su nueva gama 17 en busca de competir con Apple.\"><img loading=\"lazy\" decoding=\"async\" width=\"640\" height=\"336\" src=\"https:\/\/girasolmultimedios.com\/portal\/wp-content\/uploads\/Xiaomi-1024x538.jpg\" class=\"attachment-large size-large wp-post-image\" alt=\"\" style=\"\" srcset=\"https:\/\/girasolmultimedios.com\/portal\/wp-content\/uploads\/Xiaomi-1024x538.jpg 1024w, https:\/\/girasolmultimedios.com\/portal\/wp-content\/uploads\/Xiaomi-300x158.jpg 300w, https:\/\/girasolmultimedios.com\/portal\/wp-content\/uploads\/Xiaomi-150x79.jpg 150w, https:\/\/girasolmultimedios.com\/portal\/wp-content\/uploads\/Xiaomi-768x403.jpg 768w, https:\/\/girasolmultimedios.com\/portal\/wp-content\/uploads\/Xiaomi.jpg 1200w\" sizes=\"auto, (max-width: 640px) 100vw, 640px\" \/><\/a><\/div><a class=\"wp-block-latest-posts__post-title\" href=\"https:\/\/girasolmultimedios.com\/portal\/la-compania-xiaomi-presenta-su-nueva-gama-17-en-busca-de-competir-con-apple\/\">La compa\u00f1\u00eda Xiaomi presenta su nueva gama 17 en busca de competir con Apple.<\/a><time datetime=\"2025-09-25T10:16:08-06:00\" class=\"wp-block-latest-posts__post-date\">25 de septiembre de 2025<\/time><\/li>\n<\/ul><\/div>\n<\/div>\n<\/div><\/div>\n\n\n\n<div class=\"wp-block-cover is-light\"><span aria-hidden=\"true\" class=\"wp-block-cover__background has-background-dim-100 has-background-dim\" style=\"background-color:#f9f9f9\"><\/span><div class=\"wp-block-cover__inner-container is-layout-constrained wp-block-cover-is-layout-constrained\">\n<h6 class=\"wp-block-heading\">NOTICIAS DE NEGOCIOS<\/h6>\n\n\n<ul class=\"wp-block-latest-posts__list is-grid columns-3 has-dates wp-block-latest-posts\"><li><div class=\"wp-block-latest-posts__featured-image aligncenter\"><a href=\"https:\/\/girasolmultimedios.com\/portal\/tragedias-viales-acumulan-1824-fallecidos-en-2025\/\" aria-label=\"Tragedias viales acumulan 1,824 fallecidos en 2025\"><img loading=\"lazy\" decoding=\"async\" width=\"640\" height=\"328\" src=\"https:\/\/girasolmultimedios.com\/portal\/wp-content\/uploads\/CHOQUES-8.jpg\" class=\"attachment-large size-large wp-post-image\" alt=\"\" style=\"\" srcset=\"https:\/\/girasolmultimedios.com\/portal\/wp-content\/uploads\/CHOQUES-8.jpg 996w, https:\/\/girasolmultimedios.com\/portal\/wp-content\/uploads\/CHOQUES-8-300x154.jpg 300w, https:\/\/girasolmultimedios.com\/portal\/wp-content\/uploads\/CHOQUES-8-150x77.jpg 150w, https:\/\/girasolmultimedios.com\/portal\/wp-content\/uploads\/CHOQUES-8-768x393.jpg 768w\" sizes=\"auto, (max-width: 640px) 100vw, 640px\" \/><\/a><\/div><a class=\"wp-block-latest-posts__post-title\" href=\"https:\/\/girasolmultimedios.com\/portal\/tragedias-viales-acumulan-1824-fallecidos-en-2025\/\">Tragedias viales acumulan 1,824 fallecidos en 2025<\/a><time datetime=\"2025-12-23T09:47:12-06:00\" class=\"wp-block-latest-posts__post-date\">23 de diciembre de 2025<\/time><\/li>\n<li><div class=\"wp-block-latest-posts__featured-image aligncenter\"><a href=\"https:\/\/girasolmultimedios.com\/portal\/el-fmi-retira-su-respaldo-a-la-ley-de-justicia-tributaria\/\" aria-label=\"El FMI retira su respaldo a la Ley de Justicia Tributaria\"><img loading=\"lazy\" decoding=\"async\" width=\"640\" height=\"336\" src=\"https:\/\/girasolmultimedios.com\/portal\/wp-content\/uploads\/ley-justicia-tributaria-sept2025-1200x630px-1024x538.jpg\" class=\"attachment-large size-large wp-post-image\" alt=\"\" style=\"\" srcset=\"https:\/\/girasolmultimedios.com\/portal\/wp-content\/uploads\/ley-justicia-tributaria-sept2025-1200x630px-1024x538.jpg 1024w, https:\/\/girasolmultimedios.com\/portal\/wp-content\/uploads\/ley-justicia-tributaria-sept2025-1200x630px-300x158.jpg 300w, https:\/\/girasolmultimedios.com\/portal\/wp-content\/uploads\/ley-justicia-tributaria-sept2025-1200x630px-150x79.jpg 150w, https:\/\/girasolmultimedios.com\/portal\/wp-content\/uploads\/ley-justicia-tributaria-sept2025-1200x630px-768x403.jpg 768w, https:\/\/girasolmultimedios.com\/portal\/wp-content\/uploads\/ley-justicia-tributaria-sept2025-1200x630px.jpg 1200w\" sizes=\"auto, (max-width: 640px) 100vw, 640px\" \/><\/a><\/div><a class=\"wp-block-latest-posts__post-title\" href=\"https:\/\/girasolmultimedios.com\/portal\/el-fmi-retira-su-respaldo-a-la-ley-de-justicia-tributaria\/\">El FMI retira su respaldo a la Ley de Justicia Tributaria<\/a><time datetime=\"2025-09-19T13:25:50-06:00\" class=\"wp-block-latest-posts__post-date\">19 de septiembre de 2025<\/time><\/li>\n<li><div class=\"wp-block-latest-posts__featured-image aligncenter\"><a href=\"https:\/\/girasolmultimedios.com\/portal\/diunsa-y-camas-olympia-lanzan-la-nueva-linea-de-descanso\/\" aria-label=\"Diunsa y Camas Olympia lanzan la nueva l\u00ednea de descanso\"><img loading=\"lazy\" decoding=\"async\" width=\"640\" height=\"336\" src=\"https:\/\/girasolmultimedios.com\/portal\/wp-content\/uploads\/diunsa-nuevosproductos-sept20-2025-1200x630px-1024x538.jpg\" class=\"attachment-large size-large wp-post-image\" alt=\"\" style=\"\" srcset=\"https:\/\/girasolmultimedios.com\/portal\/wp-content\/uploads\/diunsa-nuevosproductos-sept20-2025-1200x630px-1024x538.jpg 1024w, https:\/\/girasolmultimedios.com\/portal\/wp-content\/uploads\/diunsa-nuevosproductos-sept20-2025-1200x630px-300x158.jpg 300w, https:\/\/girasolmultimedios.com\/portal\/wp-content\/uploads\/diunsa-nuevosproductos-sept20-2025-1200x630px-150x79.jpg 150w, https:\/\/girasolmultimedios.com\/portal\/wp-content\/uploads\/diunsa-nuevosproductos-sept20-2025-1200x630px-768x403.jpg 768w, https:\/\/girasolmultimedios.com\/portal\/wp-content\/uploads\/diunsa-nuevosproductos-sept20-2025-1200x630px.jpg 1200w\" sizes=\"auto, (max-width: 640px) 100vw, 640px\" \/><\/a><\/div><a class=\"wp-block-latest-posts__post-title\" href=\"https:\/\/girasolmultimedios.com\/portal\/diunsa-y-camas-olympia-lanzan-la-nueva-linea-de-descanso\/\">Diunsa y Camas Olympia lanzan la nueva l\u00ednea de descanso<\/a><time datetime=\"2025-09-19T12:11:40-06:00\" class=\"wp-block-latest-posts__post-date\">19 de septiembre de 2025<\/time><\/li>\n<\/ul><\/div><\/div>\n","protected":false},"excerpt":{"rendered":"","protected":false},"author":4,"featured_media":0,"parent":0,"menu_order":0,"comment_status":"closed","ping_status":"closed","template":"template\/fullwidth.php","meta":{"_seopress_robots_primary_cat":"","_seopress_titles_title":"","_seopress_titles_desc":"","_seopress_robots_index":"","footnotes":""},"class_list":["post-290","page","type-page","status-publish","hentry"],"_links":{"self":[{"href":"https:\/\/girasolmultimedios.com\/portal\/wp-json\/wp\/v2\/pages\/290","targetHints":{"allow":["GET"]}}],"collection":[{"href":"https:\/\/girasolmultimedios.com\/portal\/wp-json\/wp\/v2\/pages"}],"about":[{"href":"https:\/\/girasolmultimedios.com\/portal\/wp-json\/wp\/v2\/types\/page"}],"author":[{"embeddable":true,"href":"https:\/\/girasolmultimedios.com\/portal\/wp-json\/wp\/v2\/users\/4"}],"replies":[{"embeddable":true,"href":"https:\/\/girasolmultimedios.com\/portal\/wp-json\/wp\/v2\/comments?post=290"}],"version-history":[{"count":112,"href":"https:\/\/girasolmultimedios.com\/portal\/wp-json\/wp\/v2\/pages\/290\/revisions"}],"predecessor-version":[{"id":4219,"href":"https:\/\/girasolmultimedios.com\/portal\/wp-json\/wp\/v2\/pages\/290\/revisions\/4219"}],"wp:attachment":[{"href":"https:\/\/girasolmultimedios.com\/portal\/wp-json\/wp\/v2\/media?parent=290"}],"curies":[{"name":"wp","href":"https:\/\/api.w.org\/{rel}","templated":true}]}}